{"id":891,"date":"2026-01-23T22:24:32","date_gmt":"2026-01-23T21:24:32","guid":{"rendered":"https:\/\/www.casacalsuau.com\/lentorn\/"},"modified":"2026-02-18T11:16:58","modified_gmt":"2026-02-18T10:16:58","slug":"lentorn","status":"publish","type":"page","link":"https:\/\/www.casacalsuau.com\/ca\/lentorn\/","title":{"rendered":"L&#8217;entorn"},"content":{"rendered":"\t\t<div data-elementor-type=\"wp-page\" data-elementor-id=\"891\" class=\"elementor elementor-891 elementor-24\" data-elementor-post-type=\"page\">\n\t\t\t\t\t\t<div class=\"elementor-element elementor-element-471c247 e-con e-atomic-element e-flexbox-base e-471c247-317f51e\" data-id=\"471c247\" data-element_type=\"e-flexbox\" data-e-type=\"e-flexbox\" data-interaction-id=\"471c247\" data-e-type=\"e-flexbox\" data-id=\"471c247\">\n\t\t\t\t\t\t\t<h1 \n\t\tdata-interaction-id=\"a773044\" \n\t\tclass=\"e-a773044-3e4238d e-heading-base\" \n\t\t \n\t\tdata-e-type=\"widget\" data-id=\"a773044\"\n\t>\n\t\n\t\t\tQu\u00e8 veure i qu\u00e8 fer<br> a la zona\n\t\t<\/h1>\n\t\t\t\t\t\t\t\t<p class=\"e-9e605b1-8d49a0f e-paragraph-base\" data-interaction-id=\"9e605b1\"  data-e-type=\"widget\" data-id=\"9e605b1\">\n\t\t\t\t\t\t\t\tDescobreix els tresors amagats\n de la Serra de Castelltallat\n\t\t\t\t\t<\/p>\n\t\t\t\t<\/div>\n\t\t\t\t<div class=\"elementor-element elementor-element-33c8668 e-con e-atomic-element e-flexbox-base e-33c8668-d40e6bc\" data-id=\"33c8668\" data-element_type=\"e-flexbox\" data-e-type=\"e-flexbox\" data-interaction-id=\"33c8668\" data-e-type=\"e-flexbox\" data-id=\"33c8668\">\n\t\t\t\t<div class=\"elementor-element elementor-element-2b52cfd e-con e-atomic-element e-div-block-base e-2b52cfd-ef45665\" data-id=\"2b52cfd\" data-element_type=\"e-div-block\" data-e-type=\"e-div-block\" data-interaction-id=\"2b52cfd\" data-e-type=\"e-div-block\" data-id=\"2b52cfd\">\n\t\t\t\t\t\t\t\t<p class=\"e-2cb2771-e931a46 e-paragraph-base\" data-interaction-id=\"2cb2771\"  data-e-type=\"widget\" data-id=\"2cb2771\">\n\t\t\t\t\t\t\t\tLa Serra de Castelltallat forma part del Geoparc Mundial UNESCO de la Catalunya Central, un reconeixement al seu valor geol\u00f2gic i paisatg\u00edstic \u00fanic.\n\n\t\t\t\t\t<\/p>\n\t\t\t\t\t\t\t\n\t\t<img class=\"e-image-base \" \n\t\t\t\t\tdata-interaction-id=\"d64e86d\" \n\t\t \n\t\t data-e-type=\"widget\" data-id=\"d64e86d\"\n\t\t\t\t\t\t\t\t\tid=\"90\"\n\t\t\t\t\t\t\t\t\t\t\t\tsrc=\"https:\/\/www.casacalsuau.com\/wp-content\/uploads\/2026\/01\/corazones.png\"\n\t\t\t\t\t\t\t\t\t\t\t\twidth=\"189\"\n\t\t\t\t\t\t\t\t\t\t\t\theight=\"19\"\n\t\t\t\t\t\t\t\t\t\t\t\tsrcset=\"\"\n\t\t\t\t\t\t\t\t\t\t\t\talt=\"\"\n\t\t\t\t\t\t\/>\n\t\t\t\t\t<\/div>\n\t\t\t\t<div class=\"elementor-element elementor-element-2b51216 e-con e-atomic-element e-div-block-base e-2b51216-3da902b\" data-id=\"2b51216\" data-element_type=\"e-div-block\" data-e-type=\"e-div-block\" data-interaction-id=\"2b51216\" data-e-type=\"e-div-block\" data-id=\"2b51216\">\n\t\t\t\t\t\t\t\t<p class=\"e-6b7368b-2fd2d2e e-paragraph-base\" data-interaction-id=\"6b7368b\"  data-e-type=\"widget\" data-id=\"6b7368b\">\n\t\t\t\t\t\t\t\t<strong>La Serra de Castelltallat \u00e9s un espai natural protegit<\/strong> que amaga segles d'hist\u00f2ria, paisatges inoblidables i racons medievals que us transportaran en el temps. Des de Casa Calsuau ets al cor d'un territori on la natura es fon amb el patrimoni rom\u00e0nic, els castells de frontera i les tradicions rurals m\u00e9s aut\u00e8ntiques. \n<br><br>Aqu\u00ed podr\u00e0s rec\u00f3rrer senders entre boscos d'alzines i pins, descobrir esgl\u00e9sies del segle XI que encara mantenen la seva m\u00e0gia intacta, explorar fortaleses medievals amb vistes espectaculars i perdre't per pobles on sembla que el temps s'ha aturat.  \n<br><br>Ja sigui que cerquis senderisme, cultura, gastronomia local o simplement contemplar un cel estrellat sense contaminaci\u00f3 lum\u00ednica, aquesta comarca t'ofereix experi\u00e8ncies aut\u00e8ntiques per a tots els gustos i edats.\n\n\n\t\t\t\t\t<\/p>\n\t\t\t\t<\/div>\n\t\t\t\t<\/div>\n\t\t\t\t<div class=\"elementor-element elementor-element-cc3647a e-con e-atomic-element e-flexbox-base e-cc3647a-0f746a0\" data-id=\"cc3647a\" data-element_type=\"e-flexbox\" data-e-type=\"e-flexbox\" data-interaction-id=\"cc3647a\" data-e-type=\"e-flexbox\" data-id=\"cc3647a\">\n\t\t\t\t<div class=\"elementor-element elementor-element-932d812 e-con e-atomic-element e-div-block-base e-932d812-d5c6a9a\" data-id=\"932d812\" data-element_type=\"e-div-block\" data-e-type=\"e-div-block\" data-interaction-id=\"932d812\" data-e-type=\"e-div-block\" data-id=\"932d812\">\n\t\t\t\t<\/div>\n\t\t\t\t<div class=\"elementor-element elementor-element-de4fa9e e-con e-atomic-element e-div-block-base e-de4fa9e-f9c5c3e\" data-id=\"de4fa9e\" data-element_type=\"e-div-block\" data-e-type=\"e-div-block\" data-interaction-id=\"de4fa9e\" data-e-type=\"e-div-block\" data-id=\"de4fa9e\">\n\t\t\t\t<div class=\"elementor-element elementor-element-f6533a2 e-con e-atomic-element e-div-block-base e-f6533a2-b6d3072\" data-id=\"f6533a2\" data-element_type=\"e-div-block\" data-e-type=\"e-div-block\" data-interaction-id=\"f6533a2\" data-e-type=\"e-div-block\" data-id=\"f6533a2\">\n\t\t\t\t<div class=\"elementor-element elementor-element-2495dd0 elementor-icon-list--layout-inline elementor-list-item-link-full_width elementor-widget elementor-widget-icon-list\" data-id=\"2495dd0\" data-element_type=\"widget\" data-e-type=\"widget\" data-widget_type=\"icon-list.default\">\n\t\t\t\t\t\t\t<ul class=\"elementor-icon-list-items elementor-inline-items\">\n\t\t\t\t\t\t\t<li class=\"elementor-icon-list-item elementor-inline-item\">\n\t\t\t\t\t\t\t\t\t\t<span class=\"elementor-icon-list-text\">COANER<\/span>\n\t\t\t\t\t\t\t\t\t<\/li>\n\t\t\t\t\t\t\t\t<li class=\"elementor-icon-list-item elementor-inline-item\">\n\t\t\t\t\t\t\t\t\t\t<span class=\"elementor-icon-list-text\">SANT MIQUEL DE CASTELLTALLAT<\/span>\n\t\t\t\t\t\t\t\t\t<\/li>\n\t\t\t\t\t\t\t\t<li class=\"elementor-icon-list-item elementor-inline-item\">\n\t\t\t\t\t\t\t\t\t\t<span class=\"elementor-icon-list-text\">SOLSONA<\/span>\n\t\t\t\t\t\t\t\t\t<\/li>\n\t\t\t\t\t\t<\/ul>\n\t\t\t\t\t\t<\/div>\n\t\t\t\t<\/div>\n\t\t\t\t\t\t\t<h2 \n\t\tdata-interaction-id=\"3e1cb90\" \n\t\tclass=\"e-3e1cb90-e105a63 e-heading-base\" \n\t\t \n\t\tdata-e-type=\"widget\" data-id=\"3e1cb90\"\n\t>\n\t\n\t\t\tPobles i esgl\u00e9sies\n\t\t<\/h2>\n\t\t\t\t<div class=\"elementor-element elementor-element-9028cb9 elementor-widget elementor-widget-text-editor\" data-id=\"9028cb9\" data-element_type=\"widget\" data-e-type=\"widget\" data-widget_type=\"text-editor.default\">\n\t\t\t\t\t\t\t\t\t<p>La Serra de Castelltallat est\u00e0 esquitxada de petits <strong>nuclis rurals i joies del rom\u00e0nic<\/strong> que mereixen una visita pausada.<\/p>\t\t\t\t\t\t\t\t<\/div>\n\t\t\t\t\t\t\t\n\t\t<img class=\"e-image-base \" \n\t\t\t\t\tdata-interaction-id=\"ce3b3f1\" \n\t\t \n\t\t data-e-type=\"widget\" data-id=\"ce3b3f1\"\n\t\t\t\t\t\t\t\t\tid=\"443\"\n\t\t\t\t\t\t\t\t\t\t\t\tsrc=\"https:\/\/www.casacalsuau.com\/wp-content\/uploads\/2026\/01\/casas.png\"\n\t\t\t\t\t\t\t\t\t\t\t\twidth=\"246\"\n\t\t\t\t\t\t\t\t\t\t\t\theight=\"21\"\n\t\t\t\t\t\t\t\t\t\t\t\tsrcset=\"\"\n\t\t\t\t\t\t\t\t\t\t\t\talt=\"\"\n\t\t\t\t\t\t\/>\n\t\t\t\t\t<\/div>\n\t\t\t\t<\/div>\n\t\t\t\t<div class=\"elementor-element elementor-element-a25d821 e-con e-atomic-element e-flexbox-base e-a25d821-12b7d43\" data-id=\"a25d821\" data-element_type=\"e-flexbox\" data-e-type=\"e-flexbox\" data-interaction-id=\"a25d821\" data-e-type=\"e-flexbox\" data-id=\"a25d821\">\n\t\t\t\t<div class=\"elementor-element elementor-element-3ada1ba e-con e-atomic-element e-div-block-base e-3ada1ba-1e07a47\" data-id=\"3ada1ba\" data-element_type=\"e-div-block\" data-e-type=\"e-div-block\" data-interaction-id=\"3ada1ba\" data-e-type=\"e-div-block\" data-id=\"3ada1ba\">\n\t\t\t\t\t\t\t<h3 \n\t\tdata-interaction-id=\"eb14abf\" \n\t\tclass=\"e-eb14abf-4675436 e-heading-base\" \n\t\t \n\t\tdata-e-type=\"widget\" data-id=\"eb14abf\"\n\t>\n\t\n\t\t\tCoaner. El conjunt monumental \n\t\t<\/h3>\n\t\t\t\t\t\t\t\t<p class=\"e-6276f86-abb9098 e-paragraph-base\" data-interaction-id=\"6276f86\"  data-e-type=\"widget\" data-id=\"6276f86\">\n\t\t\t\t\t\t\t\tA pocs quil\u00f2metres de Casa Calsuau hi ha un dels conjunts rom\u00e0nics m\u00e9s espectaculars de la comarca. El nucli de Coaner, situat en una vall tranquil\u00b7la i pintoresca, reuneix tres tresors arquitect\u00f2nics en un mateix lloc: l'esgl\u00e9sia de Sant Juli\u00e0 de Coaner, la torre de l'antic castell i el Santuari de la Mare de D\u00e9u de Coaner. \n\t\t\t\t\t<\/p>\n\t\t\t\t<div class=\"elementor-element elementor-element-db1b0be e-con e-atomic-element e-div-block-base e-db1b0be-4a1b657\" data-id=\"db1b0be\" data-element_type=\"e-div-block\" data-e-type=\"e-div-block\" data-interaction-id=\"db1b0be\" data-e-type=\"e-div-block\" data-id=\"db1b0be\">\n\t\t\t\t<div class=\"elementor-element elementor-element-2b098d3 elementor-widget elementor-widget-button\" data-id=\"2b098d3\" data-element_type=\"widget\" data-e-type=\"widget\" data-widget_type=\"button.default\">\n\t\t\t\t\t\t\t\t\t\t<a class=\"elementor-button elementor-button-link elementor-size-sm\" href=\"https:\/\/www.google.com\/maps\/place\/08269+Coaner,+Barcelona\/@41.8324202,1.710747,801m\/data=!3m2!1e3!4b1!4m6!3m5!1s0x12a4522b627a7209:0x70fb16256620dbe2!8m2!3d41.8325973!4d1.7132863!16s%2Fg%2F121bcs__?entry=ttu&#038;g_ep=EgoyMDI2MDIxMS4wIKXMDSoASAFQAw%3D%3D\" target=\"_blank\" rel=\"nofollow noopener\">\n\t\t\t\t\t\t<span class=\"elementor-button-content-wrapper\">\n\t\t\t\t\t\t<span class=\"elementor-button-icon\">\n\t\t\t\t<svg aria-hidden=\"true\" class=\"e-font-icon-svg e-fas-arrow-right\" viewBox=\"0 0 448 512\" xmlns=\"http:\/\/www.w3.org\/2000\/svg\"><path d=\"M190.5 66.9l22.2-22.2c9.4-9.4 24.6-9.4 33.9 0L441 239c9.4 9.4 9.4 24.6 0 33.9L246.6 467.3c-9.4 9.4-24.6 9.4-33.9 0l-22.2-22.2c-9.5-9.5-9.3-25 .4-34.3L311.4 296H24c-13.3 0-24-10.7-24-24v-32c0-13.3 10.7-24 24-24h287.4L190.9 101.2c-9.8-9.3-10-24.8-.4-34.3z\"><\/path><\/svg>\t\t\t<\/span>\n\t\t\t\t\t\t\t\t\t<span class=\"elementor-button-text\">Veure ubicaci\u00f3<\/span>\n\t\t\t\t\t<\/span>\n\t\t\t\t\t<\/a>\n\t\t\t\t\t\t\t\t<\/div>\n\t\t\t\t<\/div>\n\t\t\t\t\t\t\t\t<p class=\"e-99c31b0-021439a e-paragraph-base\" data-interaction-id=\"99c31b0\"  data-e-type=\"widget\" data-id=\"99c31b0\">\n\t\t\t\t\t\t\t\tL'esgl\u00e9sia de Sant Juli\u00e0 \u00e9s una construcci\u00f3 rom\u00e0nica llombarda del segle XI consagrada el 1024, amb tres naus cobertes per voltes de can\u00f3 i una decoraci\u00f3 exterior d'arcuacions cegues i bandes llombardes que la converteixen en un exemplar excepcional. La torre circular del castell s'aixeca al costat de l'esgl\u00e9sia, esvelta i vigilant, conservant-ne l'estructura original medieval. \n<br><br>El conjunt es completa amb el Santuari de la Mare de D\u00e9u de Coaner, constru\u00eft el 1654, que cust\u00f2dia una talla rom\u00e0nica de fusta del segle XIII. Tot el lloc respira hist\u00f2ria i tranquil\u00b7litat, perfecte per a una excursi\u00f3 familiar on combinar patrimoni i natura. \n\t\t\t\t\t<\/p>\n\t\t\t\t<\/div>\n\t\t\t\t<div class=\"elementor-element elementor-element-d8bce4f e-con e-atomic-element e-div-block-base e-d8bce4f-e63b90f\" data-id=\"d8bce4f\" data-element_type=\"e-div-block\" data-e-type=\"e-div-block\" data-interaction-id=\"d8bce4f\" data-e-type=\"e-div-block\" data-id=\"d8bce4f\">\n\t\t\t\t\t\t\t<h3 \n\t\tdata-interaction-id=\"12aebbd\" \n\t\tclass=\"e-12aebbd-ba7ae0b e-heading-base\" \n\t\t \n\t\tdata-e-type=\"widget\" data-id=\"12aebbd\"\n\t>\n\t\n\t\t\tSant Miquel de Castelltallat\n\t\t<\/h3>\n\t\t\t\t\t\t\t\t<p class=\"e-f6ab464-3b9981d e-paragraph-base\" data-interaction-id=\"f6ab464\"  data-e-type=\"widget\" data-id=\"f6ab464\">\n\t\t\t\t\t\t\t\tAl cim d'un tur\u00f3 a 887 metres d'al\u00e7ada hi ha l'esgl\u00e9sia de Sant Miquel de Castelltallat, documentada des de l'any 1031. Al costat, les ru\u00efnes de l'antic castell de Montedono i l'Observatori Astron\u00f2mic de Castelltallat conformen un conjunt \u00fanic amb vistes panor\u00e0miques espectaculars de tota la comarca. \n\t\t\t\t\t<\/p>\n\t\t\t\t<div class=\"elementor-element elementor-element-c848a3b e-con e-atomic-element e-div-block-base e-c848a3b-fb067e0\" data-id=\"c848a3b\" data-element_type=\"e-div-block\" data-e-type=\"e-div-block\" data-interaction-id=\"c848a3b\" data-e-type=\"e-div-block\" data-id=\"c848a3b\">\n\t\t\t\t<div class=\"elementor-element elementor-element-2f82724 elementor-widget elementor-widget-button\" data-id=\"2f82724\" data-element_type=\"widget\" data-e-type=\"widget\" data-widget_type=\"button.default\">\n\t\t\t\t\t\t\t\t\t\t<a class=\"elementor-button elementor-button-link elementor-size-sm\" href=\"https:\/\/www.google.com\/maps\/place\/Sant+Miquel+de+Castelltallat\/@41.7936574,1.6282468,801m\/data=!3m2!1e3!4b1!4m6!3m5!1s0x12a44efeb3aefd5b:0xd63ceb3291b08f2c!8m2!3d41.7936535!4d1.6331177!16s%2Fg%2F11bx56g007?entry=ttu&#038;g_ep=EgoyMDI2MDIxMS4wIKXMDSoASAFQAw%3D%3D\" target=\"_blank\" rel=\"nofollow noopener\">\n\t\t\t\t\t\t<span class=\"elementor-button-content-wrapper\">\n\t\t\t\t\t\t<span class=\"elementor-button-icon\">\n\t\t\t\t<svg aria-hidden=\"true\" class=\"e-font-icon-svg e-fas-arrow-right\" viewBox=\"0 0 448 512\" xmlns=\"http:\/\/www.w3.org\/2000\/svg\"><path d=\"M190.5 66.9l22.2-22.2c9.4-9.4 24.6-9.4 33.9 0L441 239c9.4 9.4 9.4 24.6 0 33.9L246.6 467.3c-9.4 9.4-24.6 9.4-33.9 0l-22.2-22.2c-9.5-9.5-9.3-25 .4-34.3L311.4 296H24c-13.3 0-24-10.7-24-24v-32c0-13.3 10.7-24 24-24h287.4L190.9 101.2c-9.8-9.3-10-24.8-.4-34.3z\"><\/path><\/svg>\t\t\t<\/span>\n\t\t\t\t\t\t\t\t\t<span class=\"elementor-button-text\">Veure ubicaci\u00f3<\/span>\n\t\t\t\t\t<\/span>\n\t\t\t\t\t<\/a>\n\t\t\t\t\t\t\t\t<\/div>\n\t\t\t\t<\/div>\n\t\t\t\t\t\t\t\t<p class=\"e-8678132-dfca601 e-paragraph-base\" data-interaction-id=\"8678132\"  data-e-type=\"widget\" data-id=\"8678132\">\n\t\t\t\t\t\t\t\tL'esgl\u00e9sia conserva elements rom\u00e0nics, renaixentistes, barrocs i neocl\u00e0ssics, testimoni de les seves ampliacions successives al llarg dels segles. L'Observatori Astron\u00f2mic aprofita la ubicaci\u00f3 privilegiada i l'escassa contaminaci\u00f3 lum\u00ednica per a l'observaci\u00f3 del cel nocturn, oferint activitats i estades per a artistes i amants de l'astronomia. \n<br><br>El lloc \u00e9s perfecte per gaudir del capvespre i contemplar com els llums s'encenen als pobles de la vall mentre el cel es tenyeix de taronja.\n\n\t\t\t\t\t<\/p>\n\t\t\t\t<\/div>\n\t\t\t\t<\/div>\n\t\t\t\t<div class=\"elementor-element elementor-element-206b223 e-con e-atomic-element e-flexbox-base e-206b223-8e81579\" data-id=\"206b223\" data-element_type=\"e-flexbox\" data-e-type=\"e-flexbox\" data-interaction-id=\"206b223\" data-e-type=\"e-flexbox\" data-id=\"206b223\">\n\t\t\t\t<div class=\"elementor-element elementor-element-e8d3191 e-con e-atomic-element e-div-block-base e-e8d3191-0560cb7\" data-id=\"e8d3191\" data-element_type=\"e-div-block\" data-e-type=\"e-div-block\" data-interaction-id=\"e8d3191\" data-e-type=\"e-div-block\" data-id=\"e8d3191\">\n\t\t\t\t\t\t\t<h3 \n\t\tdata-interaction-id=\"b39e1e7\" \n\t\tclass=\"e-b39e1e7-8c9e073 e-heading-base\" \n\t\t \n\t\tdata-e-type=\"widget\" data-id=\"b39e1e7\"\n\t>\n\t\n\t\t\tSolsona. Carrers medievals \n\t\t<\/h3>\n\t\t\t\t\t\t\t\t<p class=\"e-946240a-2bf4582 e-paragraph-base\" data-interaction-id=\"946240a\"  data-e-type=\"widget\" data-id=\"946240a\">\n\t\t\t\t\t\t\t\tA menys de mitja hora amb cotxe, la ciutat de Solsona us espera amb el seu nucli hist\u00f2ric medieval perfectament conservat. Capital de la comarca del Solson\u00e8s, aquesta petita ciutat episcopal conserva muralles, portals, places porxades, fonts g\u00f2tiques del segle XV i un impressionant patrimoni monumental. \n\t\t\t\t\t<\/p>\n\t\t\t\t<div class=\"elementor-element elementor-element-9f3dbe3 e-con e-atomic-element e-div-block-base e-9f3dbe3-192b96e\" data-id=\"9f3dbe3\" data-element_type=\"e-div-block\" data-e-type=\"e-div-block\" data-interaction-id=\"9f3dbe3\" data-e-type=\"e-div-block\" data-id=\"9f3dbe3\">\n\t\t\t\t<div class=\"elementor-element elementor-element-b71c598 elementor-widget elementor-widget-button\" data-id=\"b71c598\" data-element_type=\"widget\" data-e-type=\"widget\" data-widget_type=\"button.default\">\n\t\t\t\t\t\t\t\t\t\t<a class=\"elementor-button elementor-button-link elementor-size-sm\" href=\"https:\/\/solsonaturisme.com\/es\/\" target=\"_blank\" rel=\"nofollow noopener\">\n\t\t\t\t\t\t<span class=\"elementor-button-content-wrapper\">\n\t\t\t\t\t\t<span class=\"elementor-button-icon\">\n\t\t\t\t<svg aria-hidden=\"true\" class=\"e-font-icon-svg e-fas-arrow-right\" viewBox=\"0 0 448 512\" xmlns=\"http:\/\/www.w3.org\/2000\/svg\"><path d=\"M190.5 66.9l22.2-22.2c9.4-9.4 24.6-9.4 33.9 0L441 239c9.4 9.4 9.4 24.6 0 33.9L246.6 467.3c-9.4 9.4-24.6 9.4-33.9 0l-22.2-22.2c-9.5-9.5-9.3-25 .4-34.3L311.4 296H24c-13.3 0-24-10.7-24-24v-32c0-13.3 10.7-24 24-24h287.4L190.9 101.2c-9.8-9.3-10-24.8-.4-34.3z\"><\/path><\/svg>\t\t\t<\/span>\n\t\t\t\t\t\t\t\t\t<span class=\"elementor-button-text\">M\u00e9s informaci\u00f3<\/span>\n\t\t\t\t\t<\/span>\n\t\t\t\t\t<\/a>\n\t\t\t\t\t\t\t\t<\/div>\n\t\t\t\t<\/div>\n\t\t\t\t\t\t\t\t<p class=\"e-08edeb8-7ebf167 e-paragraph-base\" data-interaction-id=\"08edeb8\"  data-e-type=\"widget\" data-id=\"08edeb8\">\n\t\t\t\t\t\t\t\tLa Catedral de Santa Maria, amb la barreja d'estils rom\u00e0nic, g\u00f2tic i barroc, custodia la Mare de D\u00e9u del Claustre, una preciosa talla rom\u00e0nica del segle XII. El Museu Dioces\u00e0 i Comarcal acull una de les col\u00b7leccions d'art medieval m\u00e9s importants de Catalunya. No us perdeu el Pou de Gel (Pou de Gel), una construcci\u00f3 \u00fanica on s'emmagatzemava el gel durant els mesos d'hivern.  \n<br><br>Solsona tamb\u00e9 \u00e9s coneguda pels seus gegants i la seva animada vida cultural. Els caps de setmana hi ha mercat i ambient als carrers empedrats. Perfecte per a un mat\u00ed de passeig, compres de productes locals i un bon \u00e0pat en algun dels seus restaurants tradicionals.  \n\n\t\t\t\t\t<\/p>\n\t\t\t\t<\/div>\n\t\t\t\t<div class=\"elementor-element elementor-element-08e7338 e-con e-atomic-element e-div-block-base e-08e7338-4c26df7\" data-id=\"08e7338\" data-element_type=\"e-div-block\" data-e-type=\"e-div-block\" data-interaction-id=\"08e7338\" data-e-type=\"e-div-block\" data-id=\"08e7338\">\n\t\t\t\t\t\t\t<h3 \n\t\tdata-interaction-id=\"b198fee\" \n\t\tclass=\"e-b198fee-6664109 e-heading-base\" \n\t\t \n\t\tdata-e-type=\"widget\" data-id=\"b198fee\"\n\t>\n\t\n\t\t\tSantuari de Santa Maria del Miracle\n\t\t<\/h3>\n\t\t\t\t\t\t\t\t<p class=\"e-6ac6844-ba8e493 e-paragraph-base\" data-interaction-id=\"6ac6844\"  data-e-type=\"widget\" data-id=\"6ac6844\">\n\t\t\t\t\t\t\t\tA uns 12 quil\u00f2metres de Solsona, amagat entre boscos de roures i cultius de sec\u00e0, hi ha el Santuari del Miracle, un dels conjunts monumentals m\u00e9s impressionants de la comarca. Aquest centre d'espiritualitat sorgeix arran de l'aparici\u00f3 de la Mare de D\u00e9u a dos pastors l'any 1458, i des de llavors ha estat un lloc de pelegrinatge i devoci\u00f3 mariana. \n\t\t\t\t\t<\/p>\n\t\t\t\t<div class=\"elementor-element elementor-element-1e456c3 e-con e-atomic-element e-div-block-base e-1e456c3-308c067\" data-id=\"1e456c3\" data-element_type=\"e-div-block\" data-e-type=\"e-div-block\" data-interaction-id=\"1e456c3\" data-e-type=\"e-div-block\" data-id=\"1e456c3\">\n\t\t\t\t<div class=\"elementor-element elementor-element-c886a75 elementor-widget elementor-widget-button\" data-id=\"c886a75\" data-element_type=\"widget\" data-e-type=\"widget\" data-widget_type=\"button.default\">\n\t\t\t\t\t\t\t\t\t\t<a class=\"elementor-button elementor-button-link elementor-size-sm\" href=\"https:\/\/elmiracle.cat\/es\/\" target=\"_blank\" rel=\"nofollow noopener\">\n\t\t\t\t\t\t<span class=\"elementor-button-content-wrapper\">\n\t\t\t\t\t\t<span class=\"elementor-button-icon\">\n\t\t\t\t<svg aria-hidden=\"true\" class=\"e-font-icon-svg e-fas-arrow-right\" viewBox=\"0 0 448 512\" xmlns=\"http:\/\/www.w3.org\/2000\/svg\"><path d=\"M190.5 66.9l22.2-22.2c9.4-9.4 24.6-9.4 33.9 0L441 239c9.4 9.4 9.4 24.6 0 33.9L246.6 467.3c-9.4 9.4-24.6 9.4-33.9 0l-22.2-22.2c-9.5-9.5-9.3-25 .4-34.3L311.4 296H24c-13.3 0-24-10.7-24-24v-32c0-13.3 10.7-24 24-24h287.4L190.9 101.2c-9.8-9.3-10-24.8-.4-34.3z\"><\/path><\/svg>\t\t\t<\/span>\n\t\t\t\t\t\t\t\t\t<span class=\"elementor-button-text\">M\u00e9s informaci\u00f3<\/span>\n\t\t\t\t\t<\/span>\n\t\t\t\t\t<\/a>\n\t\t\t\t\t\t\t\t<\/div>\n\t\t\t\t<\/div>\n\t\t\t\t\t\t\t\t<p class=\"e-c7f8217-adb68a3 e-paragraph-base\" data-interaction-id=\"c7f8217\"  data-e-type=\"widget\" data-id=\"c7f8217\">\n\t\t\t\t\t\t\t\tLa joia del santuari \u00e9s el seu espectacular retaule barroc, obra de l'escultor Carles Morat\u00f3 de l'\u00faltima cambra del segle XVIII. Amb 23 metres d'al\u00e7ada i 12 d'amplada, \u00e9s un dels retaules barrocs m\u00e9s grans de Catalunya i cobreix completament l'altar de l'esgl\u00e9sia en una explosi\u00f3 desmesurada d'arquitectura, escultura monumental i pintura. \n<br><br>Per\u00f2 el Miracle \u00e9s molt m\u00e9s que no pas patrimoni. Als peus trobareu un celler que elabora vins ecol\u00f2gics amb vinyes de l'entorn, una formatgeria artesanal que produeix formatges de llet crua d'ovella, i un restaurant a l'antic alberg de pelegrins amb cuina catalana de temporada. El lloc tamb\u00e9 \u00e9s punt de partida del sender GR-7 i de m\u00faltiples rutes de senderisme, com la que porta a l'observatori d'aus de l'embassament de l'Alzina.  \n\n\t\t\t\t\t<\/p>\n\t\t\t\t<\/div>\n\t\t\t\t<\/div>\n\t\t\t\t<div class=\"elementor-element elementor-element-7f03d61 e-con e-atomic-element e-flexbox-base e-7f03d61-83a0480\" data-id=\"7f03d61\" data-element_type=\"e-flexbox\" data-e-type=\"e-flexbox\" data-interaction-id=\"7f03d61\" data-e-type=\"e-flexbox\" data-id=\"7f03d61\">\n\t\t\t\t<div class=\"elementor-element elementor-element-766613e e-con e-atomic-element e-div-block-base e-766613e-c025502\" data-id=\"766613e\" data-element_type=\"e-div-block\" data-e-type=\"e-div-block\" data-interaction-id=\"766613e\" data-e-type=\"e-div-block\" data-id=\"766613e\">\n\t\t\t\t<div class=\"elementor-element elementor-element-e4ccbaf e-con e-atomic-element e-div-block-base e-e4ccbaf-ea604da\" data-id=\"e4ccbaf\" data-element_type=\"e-div-block\" data-e-type=\"e-div-block\" data-interaction-id=\"e4ccbaf\" data-e-type=\"e-div-block\" data-id=\"e4ccbaf\">\n\t\t\t\t<div class=\"elementor-element elementor-element-9ec95b6 elementor-icon-list--layout-inline elementor-list-item-link-full_width elementor-widget elementor-widget-icon-list\" data-id=\"9ec95b6\" data-element_type=\"widget\" data-e-type=\"widget\" data-widget_type=\"icon-list.default\">\n\t\t\t\t\t\t\t<ul class=\"elementor-icon-list-items elementor-inline-items\">\n\t\t\t\t\t\t\t<li class=\"elementor-icon-list-item elementor-inline-item\">\n\t\t\t\t\t\t\t\t\t\t<span class=\"elementor-icon-list-text\">CASTELL<\/span>\n\t\t\t\t\t\t\t\t\t<\/li>\n\t\t\t\t\t\t\t\t<li class=\"elementor-icon-list-item elementor-inline-item\">\n\t\t\t\t\t\t\t\t\t\t<span class=\"elementor-icon-list-text\">PATRIMONI ROM\u00c0NIC<\/span>\n\t\t\t\t\t\t\t\t\t<\/li>\n\t\t\t\t\t\t\t\t<li class=\"elementor-icon-list-item elementor-inline-item\">\n\t\t\t\t\t\t\t\t\t\t<span class=\"elementor-icon-list-text\">FORTALESES MEDIEVALS<\/span>\n\t\t\t\t\t\t\t\t\t<\/li>\n\t\t\t\t\t\t<\/ul>\n\t\t\t\t\t\t<\/div>\n\t\t\t\t<\/div>\n\t\t\t\t\t\t\t<h2 \n\t\tdata-interaction-id=\"ff558d2\" \n\t\tclass=\"e-ff558d2-7dc5d6b e-heading-base\" \n\t\t \n\t\tdata-e-type=\"widget\" data-id=\"ff558d2\"\n\t>\n\t\n\t\t\tVeure castells\n\t\t<\/h2>\n\t\t\t\t<div class=\"elementor-element elementor-element-a92cb2e elementor-widget elementor-widget-text-editor\" data-id=\"a92cb2e\" data-element_type=\"widget\" data-e-type=\"widget\" data-widget_type=\"text-editor.default\">\n\t\t\t\t\t\t\t\t\t<p><strong>El territori que envolta Casa Calsuau va ser frontera durant la Reconquesta<\/strong> , i per aix\u00f2 est\u00e0 sembrat de fortaleses medievals que vigilaven els camins estrat\u00e8gics. Moltes es poden visitar i tenen vistes extraordin\u00e0ries. <\/p>\t\t\t\t\t\t\t\t<\/div>\n\t\t\t\t\t\t\t\n\t\t<img class=\"e-image-base \" \n\t\t\t\t\tdata-interaction-id=\"3bfa551\" \n\t\t \n\t\t data-e-type=\"widget\" data-id=\"3bfa551\"\n\t\t\t\t\t\t\t\t\tid=\"460\"\n\t\t\t\t\t\t\t\t\t\t\t\tsrc=\"https:\/\/www.casacalsuau.com\/wp-content\/uploads\/2026\/01\/castillos.png\"\n\t\t\t\t\t\t\t\t\t\t\t\twidth=\"152\"\n\t\t\t\t\t\t\t\t\t\t\t\theight=\"19\"\n\t\t\t\t\t\t\t\t\t\t\t\tsrcset=\"https:\/\/www.casacalsuau.com\/wp-content\/uploads\/2026\/01\/castillos.png 152w, https:\/\/www.casacalsuau.com\/wp-content\/uploads\/2026\/01\/castillos-150x19.png 150w\"\n\t\t\t\t\t\t\t\t\t\t\t\talt=\"\"\n\t\t\t\t\t\t\/>\n\t\t\t\t\t<\/div>\n\t\t\t\t<div class=\"elementor-element elementor-element-dc14c68 e-con e-atomic-element e-div-block-base e-dc14c68-73003ef\" data-id=\"dc14c68\" data-element_type=\"e-div-block\" data-e-type=\"e-div-block\" data-interaction-id=\"dc14c68\" data-e-type=\"e-div-block\" data-id=\"dc14c68\">\n\t\t\t\t<\/div>\n\t\t\t\t<\/div>\n\t\t\t\t<div class=\"elementor-element elementor-element-624ab8c e-con e-atomic-element e-flexbox-base e-624ab8c-651a175\" data-id=\"624ab8c\" data-element_type=\"e-flexbox\" data-e-type=\"e-flexbox\" data-interaction-id=\"624ab8c\" data-e-type=\"e-flexbox\" data-id=\"624ab8c\">\n\t\t\t\t<div class=\"elementor-element elementor-element-618d755 e-con e-atomic-element e-div-block-base e-618d755-f81546a\" data-id=\"618d755\" data-element_type=\"e-div-block\" data-e-type=\"e-div-block\" data-interaction-id=\"618d755\" data-e-type=\"e-div-block\" data-id=\"618d755\">\n\t\t\t\t\t\t\t<h3 \n\t\tdata-interaction-id=\"641f7ec\" \n\t\tclass=\"e-641f7ec-4dfe936 e-heading-base\" \n\t\t \n\t\tdata-e-type=\"widget\" data-id=\"641f7ec\"\n\t>\n\t\n\t\t\tCastell de Claret dels Cavallers\n\t\t<\/h3>\n\t\t\t\t\t\t\t\t<p class=\"e-9c62bda-fe4fc1c e-paragraph-base\" data-interaction-id=\"9c62bda\"  data-e-type=\"widget\" data-id=\"9c62bda\">\n\t\t\t\t\t\t\t\tAmagat a la Serra de Castelltallat, el petit nucli medieval de Claret de Cavallers \u00e9s una joia que pocs coneixen. Es tracta d\u00b4un conjunt defensiu \u00fanic on les cases s\u00b4agrupen formant un arreplec de disposici\u00f3 essencialment defensiva, testimoni del seu origen medieval. \n\t\t\t\t\t<\/p>\n\t\t\t\t<div class=\"elementor-element elementor-element-1cc7357 e-con e-atomic-element e-div-block-base e-1cc7357-4d483de\" data-id=\"1cc7357\" data-element_type=\"e-div-block\" data-e-type=\"e-div-block\" data-interaction-id=\"1cc7357\" data-e-type=\"e-div-block\" data-id=\"1cc7357\">\n\t\t\t\t<div class=\"elementor-element elementor-element-b48a6b8 elementor-widget elementor-widget-button\" data-id=\"b48a6b8\" data-element_type=\"widget\" data-e-type=\"widget\" data-widget_type=\"button.default\">\n\t\t\t\t\t\t\t\t\t\t<a class=\"elementor-button elementor-button-link elementor-size-sm\" href=\"https:\/\/www.bagesturisme.cat\/es\/tresors\/claret-de-cavallers\/\" target=\"_blank\" rel=\"nofollow noopener\">\n\t\t\t\t\t\t<span class=\"elementor-button-content-wrapper\">\n\t\t\t\t\t\t<span class=\"elementor-button-icon\">\n\t\t\t\t<svg aria-hidden=\"true\" class=\"e-font-icon-svg e-fas-arrow-right\" viewBox=\"0 0 448 512\" xmlns=\"http:\/\/www.w3.org\/2000\/svg\"><path d=\"M190.5 66.9l22.2-22.2c9.4-9.4 24.6-9.4 33.9 0L441 239c9.4 9.4 9.4 24.6 0 33.9L246.6 467.3c-9.4 9.4-24.6 9.4-33.9 0l-22.2-22.2c-9.5-9.5-9.3-25 .4-34.3L311.4 296H24c-13.3 0-24-10.7-24-24v-32c0-13.3 10.7-24 24-24h287.4L190.9 101.2c-9.8-9.3-10-24.8-.4-34.3z\"><\/path><\/svg>\t\t\t<\/span>\n\t\t\t\t\t\t\t\t\t<span class=\"elementor-button-text\">M\u00e9s informaci\u00f3<\/span>\n\t\t\t\t\t<\/span>\n\t\t\t\t\t<\/a>\n\t\t\t\t\t\t\t\t<\/div>\n\t\t\t\t<\/div>\n\t\t\t\t\t\t\t\t<p class=\"e-82f6f72-3d70b85 e-paragraph-base\" data-interaction-id=\"82f6f72\"  data-e-type=\"widget\" data-id=\"82f6f72\">\n\t\t\t\t\t\t\t\tEl castell apareix documentat des del segle X i va estar vinculat des del 1375 al comtat de Cardona. Tot i que del castell original nom\u00e9s en queden alguns murs de grans carreus situats en un promontori sobre el nucli, el conjunt conserva tota la seva ess\u00e8ncia medieval. L'ep\u00edtet dels Cavallers (dels Cavallers) prov\u00e9 de la seva relaci\u00f3 amb l'Ordre dels Cavallers Hospitalaris de Sant Joan de Jerusalem, diferenciant-lo d'un altre Claret a la zona que es deia dels Pagesos (dels Camperols).  \n<br><br>L'esgl\u00e9sia de Sant Pere de Claret, constru\u00efda principalment entre els segles XV i XVI i adossada al conjunt de cases, \u00e9s un edifici preci\u00f3s fet amb regulars carreus de pedra. El carrer de Claret, una franja estreta entre dues fileres de cases, conserva elements arquitect\u00f2nics originals (arcs, finestres) que ens transporten directament a l'Edat Mitjana. Totes les cases mantenen encara el seu n\u00famero a la porta, testimoni que va ser un lloc for\u00e7a poblat.  \n<br><br>L'acc\u00e9s es fa per pista forestal i el lloc t\u00e9 un encant especial pel seu a\u00efllament i autenticitat. Actualment \u00e9s habitat per molt poques persones que mantenen viva l'activitat agr\u00edcola i ramadera tradicional. Perfecte per incloure a una ruta de senderisme per Castelltallat.  \n\t\t\t\t\t<\/p>\n\t\t\t\t<\/div>\n\t\t\t\t<div class=\"elementor-element elementor-element-1555495 e-con e-atomic-element e-div-block-base e-1555495-06c1528\" data-id=\"1555495\" data-element_type=\"e-div-block\" data-e-type=\"e-div-block\" data-interaction-id=\"1555495\" data-e-type=\"e-div-block\" data-id=\"1555495\">\n\t\t\t\t\t\t\t<h3 \n\t\tdata-interaction-id=\"e2099cd\" \n\t\tclass=\"e-e2099cd-ff6d7b0 e-heading-base\" \n\t\t \n\t\tdata-e-type=\"widget\" data-id=\"e2099cd\"\n\t>\n\t\n\t\t\tCastell d'Enfesta\n\t\t<\/h3>\n\t\t\t\t\t\t\t\t<p class=\"e-62f2097-5ce3f72 e-paragraph-base\" data-interaction-id=\"62f2097\"  data-e-type=\"widget\" data-id=\"62f2097\">\n\t\t\t\t\t\t\t\tA pocs quil\u00f2metres cap a l'oest, al terme municipal de la Molsosa, el Castell d'Enfesta s'al\u00e7a sobre un tur\u00f3 de 531 metres d'al\u00e7ada dominant tota la plana. Fortalesa g\u00f2tica dels segles XIV i XV, documentada des del 1081, \u00e9s un dels castells m\u00e9s ben conservats de la zona. \n\t\t\t\t\t<\/p>\n\t\t\t\t<div class=\"elementor-element elementor-element-2cce210 e-con e-atomic-element e-div-block-base e-2cce210-f8fc1b9\" data-id=\"2cce210\" data-element_type=\"e-div-block\" data-e-type=\"e-div-block\" data-interaction-id=\"2cce210\" data-e-type=\"e-div-block\" data-id=\"2cce210\">\n\t\t\t\t<div class=\"elementor-element elementor-element-74447d4 elementor-widget elementor-widget-button\" data-id=\"74447d4\" data-element_type=\"widget\" data-e-type=\"widget\" data-widget_type=\"button.default\">\n\t\t\t\t\t\t\t\t\t\t<a class=\"elementor-button elementor-button-link elementor-size-sm\" href=\"https:\/\/castellenfesta.wixsite.com\/castelldenfesta\" target=\"_blank\" rel=\"nofollow noopener\">\n\t\t\t\t\t\t<span class=\"elementor-button-content-wrapper\">\n\t\t\t\t\t\t<span class=\"elementor-button-icon\">\n\t\t\t\t<svg aria-hidden=\"true\" class=\"e-font-icon-svg e-fas-arrow-right\" viewBox=\"0 0 448 512\" xmlns=\"http:\/\/www.w3.org\/2000\/svg\"><path d=\"M190.5 66.9l22.2-22.2c9.4-9.4 24.6-9.4 33.9 0L441 239c9.4 9.4 9.4 24.6 0 33.9L246.6 467.3c-9.4 9.4-24.6 9.4-33.9 0l-22.2-22.2c-9.5-9.5-9.3-25 .4-34.3L311.4 296H24c-13.3 0-24-10.7-24-24v-32c0-13.3 10.7-24 24-24h287.4L190.9 101.2c-9.8-9.3-10-24.8-.4-34.3z\"><\/path><\/svg>\t\t\t<\/span>\n\t\t\t\t\t\t\t\t\t<span class=\"elementor-button-text\">M\u00e9s informaci\u00f3<\/span>\n\t\t\t\t\t<\/span>\n\t\t\t\t\t<\/a>\n\t\t\t\t\t\t\t\t<\/div>\n\t\t\t\t<\/div>\n\t\t\t\t\t\t\t\t<p class=\"e-befe544-f087d8f e-paragraph-base\" data-interaction-id=\"befe544\"  data-e-type=\"widget\" data-id=\"befe544\">\n\t\t\t\t\t\t\t\tEl castell fou resid\u00e8ncia dels senyors d'Enfesta, castellans que administraven el lloc en nom dels vescomtes de Cardona. Declarat B\u00e9 Cultural d'Inter\u00e8s Nacional el 1949, el conjunt ha estat acuradament restaurat preservant la seva estructura de planta quadrangular constru\u00efda amb carreus. \n<br><br>Al seu interior s'hi conserven espais nobles del castell, l'antiga esgl\u00e9sia de Santa Maria d'Enfesta, el forn, una antiga masmorra i diverses estances que reflecteixen la vida medieval. Des de les muralles es domina visualment tot l'entorn, i es poden distingir perfectament altres castells propers com el de Castellfollit de Riubreg\u00f3s o el de Calonge de Segarra. \n<br><br>Actualment el castell est\u00e0 obert al p\u00fablic per a visites guiades (cal concertar cita pr\u00e8via). La seva privilegiada ubicaci\u00f3, les vistes panor\u00e0miques i els espais interiors cuidats el converteixen en un lloc perfecte per descobrir la hist\u00f2ria medieval de la zona. \n\t\t\t\t\t<\/p>\n\t\t\t\t<\/div>\n\t\t\t\t<\/div>\n\t\t\t\t<div class=\"elementor-element elementor-element-27fd166 e-con e-atomic-element e-flexbox-base e-27fd166-2f58234\" data-id=\"27fd166\" data-element_type=\"e-flexbox\" data-e-type=\"e-flexbox\" data-interaction-id=\"27fd166\" data-e-type=\"e-flexbox\" data-id=\"27fd166\">\n\t\t\t\t<div class=\"elementor-element elementor-element-85545ad e-con e-atomic-element e-div-block-base e-85545ad-4cefdb8\" data-id=\"85545ad\" data-element_type=\"e-div-block\" data-e-type=\"e-div-block\" data-interaction-id=\"85545ad\" data-e-type=\"e-div-block\" data-id=\"85545ad\">\n\t\t\t\t\t\t\t<h3 \n\t\tdata-interaction-id=\"1ff8170\" \n\t\tclass=\"e-1ff8170-b7d5309 e-heading-base\" \n\t\t \n\t\tdata-e-type=\"widget\" data-id=\"1ff8170\"\n\t>\n\t\n\t\t\tCastell de Bojadores\n\t\t<\/h3>\n\t\t\t\t\t\t\t\t<p class=\"e-332f924-813f6c3 e-paragraph-base\" data-interaction-id=\"332f924\"  data-e-type=\"widget\" data-id=\"332f924\">\n\t\t\t\t\t\t\t\tSituat a l'extrem occidental de la Serra de Castelltallat, el Castell de Boixadors s'aixeca sobre un tur\u00f3 de 864 metres amb vistes privilegiades sobre les comarques del Bages, l'Anoia i el Solson\u00e8s. Constru\u00eft al segle XI, aquest castell de frontera conserva la torre de l'homenatge cil\u00edndrica, muralles i diverses depend\u00e8ncies que reflecteixen la seva evoluci\u00f3 al llarg dels segles. \n\t\t\t\t\t<\/p>\n\t\t\t\t<div class=\"elementor-element elementor-element-9418544 e-con e-atomic-element e-div-block-base e-9418544-fd789b1\" data-id=\"9418544\" data-element_type=\"e-div-block\" data-e-type=\"e-div-block\" data-interaction-id=\"9418544\" data-e-type=\"e-div-block\" data-id=\"9418544\">\n\t\t\t\t<div class=\"elementor-element elementor-element-4357475 elementor-widget elementor-widget-button\" data-id=\"4357475\" data-element_type=\"widget\" data-e-type=\"widget\" data-widget_type=\"button.default\">\n\t\t\t\t\t\t\t\t\t\t<a class=\"elementor-button elementor-button-link elementor-size-sm\" href=\"https:\/\/es.wikipedia.org\/wiki\/Castillo_de_Boixadors\" target=\"_blank\" rel=\"nofollow noopener\">\n\t\t\t\t\t\t<span class=\"elementor-button-content-wrapper\">\n\t\t\t\t\t\t<span class=\"elementor-button-icon\">\n\t\t\t\t<svg aria-hidden=\"true\" class=\"e-font-icon-svg e-fas-arrow-right\" viewBox=\"0 0 448 512\" xmlns=\"http:\/\/www.w3.org\/2000\/svg\"><path d=\"M190.5 66.9l22.2-22.2c9.4-9.4 24.6-9.4 33.9 0L441 239c9.4 9.4 9.4 24.6 0 33.9L246.6 467.3c-9.4 9.4-24.6 9.4-33.9 0l-22.2-22.2c-9.5-9.5-9.3-25 .4-34.3L311.4 296H24c-13.3 0-24-10.7-24-24v-32c0-13.3 10.7-24 24-24h287.4L190.9 101.2c-9.8-9.3-10-24.8-.4-34.3z\"><\/path><\/svg>\t\t\t<\/span>\n\t\t\t\t\t\t\t\t\t<span class=\"elementor-button-text\">M\u00e9s informaci\u00f3<\/span>\n\t\t\t\t\t<\/span>\n\t\t\t\t\t<\/a>\n\t\t\t\t\t\t\t\t<\/div>\n\t\t\t\t<\/div>\n\t\t\t\t\t\t\t\t<p class=\"e-945079d-f25b662 e-paragraph-base\" data-interaction-id=\"945079d\"  data-e-type=\"widget\" data-id=\"945079d\">\n\t\t\t\t\t\t\t\tLa fam\u00edlia Boixadors va ser senyora del castell durant m\u00e9s de cinc segles, des de principis del segle XII fins al XVII, convertint-lo en un dels senyorius m\u00e9s estables de Catalunya. El castell mai va ser completament destru\u00eft i va estar habitat fins a mitjans del segle XX. \n<br><br>Actualment restaurat per la Diputaci\u00f3 de Barcelona, \u200b\u200bes pot visitar gratu\u00eftament el primer diumenge de cada mes amb visites guiades (d'11.00 a 13.30 h). Tamb\u00e9 s'hi pot accedir lliurement a l'exterior en qualsevol moment. La pujada al castell es pot fer amb cotxe per pista forestal oa peu per senders senyalitzats, sent una excursi\u00f3 perfecta per a fam\u00edlies.  \n\t\t\t\t\t<\/p>\n\t\t\t\t<\/div>\n\t\t\t\t<div class=\"elementor-element elementor-element-fbda8a9 e-con e-atomic-element e-div-block-base e-fbda8a9-650c0dc\" data-id=\"fbda8a9\" data-element_type=\"e-div-block\" data-e-type=\"e-div-block\" data-interaction-id=\"fbda8a9\" data-e-type=\"e-div-block\" data-id=\"fbda8a9\">\n\t\t\t\t\t\t\t<h3 \n\t\tdata-interaction-id=\"7d82f8d\" \n\t\tclass=\"e-7d82f8d-ef84ac0 e-heading-base\" \n\t\t \n\t\tdata-e-type=\"widget\" data-id=\"7d82f8d\"\n\t>\n\t\n\t\t\tCastell de Cardona\n\t\t<\/h3>\n\t\t\t\t\t\t\t\t<p class=\"e-387364d-acf9c9b e-paragraph-base\" data-interaction-id=\"387364d\"  data-e-type=\"widget\" data-id=\"387364d\">\n\t\t\t\t\t\t\t\tEl majestu\u00f3s Castell de Cardona \u00e9s una de les fortaleses medievals m\u00e9s importants de Catalunya. Constru\u00eft al segle IX, va ser resid\u00e8ncia dels Ducs de Cardona, la fam\u00edlia m\u00e9s poderosa de la Corona d'Arag\u00f3 despr\u00e9s de la casa reial. La seva posici\u00f3 estrat\u00e8gica sobre un tur\u00f3 de 150 metres d'altura proporciona vistes espectaculars sobre la vall del riu Cardener.  \n\t\t\t\t\t<\/p>\n\t\t\t\t<div class=\"elementor-element elementor-element-661aa5c e-con e-atomic-element e-div-block-base e-661aa5c-aed57af\" data-id=\"661aa5c\" data-element_type=\"e-div-block\" data-e-type=\"e-div-block\" data-interaction-id=\"661aa5c\" data-e-type=\"e-div-block\" data-id=\"661aa5c\">\n\t\t\t\t<div class=\"elementor-element elementor-element-7be6b27 elementor-widget elementor-widget-button\" data-id=\"7be6b27\" data-element_type=\"widget\" data-e-type=\"widget\" data-widget_type=\"button.default\">\n\t\t\t\t\t\t\t\t\t\t<a class=\"elementor-button elementor-button-link elementor-size-sm\" href=\"https:\/\/www.cardonaturisme.cat\/es\/visita\/castillo-de-cardona\/\" target=\"_blank\" rel=\"nofollow noopener\">\n\t\t\t\t\t\t<span class=\"elementor-button-content-wrapper\">\n\t\t\t\t\t\t<span class=\"elementor-button-icon\">\n\t\t\t\t<svg aria-hidden=\"true\" class=\"e-font-icon-svg e-fas-arrow-right\" viewBox=\"0 0 448 512\" xmlns=\"http:\/\/www.w3.org\/2000\/svg\"><path d=\"M190.5 66.9l22.2-22.2c9.4-9.4 24.6-9.4 33.9 0L441 239c9.4 9.4 9.4 24.6 0 33.9L246.6 467.3c-9.4 9.4-24.6 9.4-33.9 0l-22.2-22.2c-9.5-9.5-9.3-25 .4-34.3L311.4 296H24c-13.3 0-24-10.7-24-24v-32c0-13.3 10.7-24 24-24h287.4L190.9 101.2c-9.8-9.3-10-24.8-.4-34.3z\"><\/path><\/svg>\t\t\t<\/span>\n\t\t\t\t\t\t\t\t\t<span class=\"elementor-button-text\">M\u00e9s informaci\u00f3<\/span>\n\t\t\t\t\t<\/span>\n\t\t\t\t\t<\/a>\n\t\t\t\t\t\t\t\t<\/div>\n\t\t\t\t<\/div>\n\t\t\t\t\t\t\t\t<p class=\"e-39395e6-225dd7c e-paragraph-base\" data-interaction-id=\"39395e6\"  data-e-type=\"widget\" data-id=\"39395e6\">\n\t\t\t\t\t\t\t\tEl castell mai no va poder ser conquerit per les armes i va ser l'\u00faltima pla\u00e7a forta catalana a rendir-se durant la Guerra de Successi\u00f3 el 1714, despr\u00e9s d'una resist\u00e8ncia heroica. Declarat B\u00e9 d'Inter\u00e8s Cultural, el conjunt inclou la Torre de la Minyona, l'excepcional col\u00b7legiata rom\u00e0nica de Sant Vicen\u00e7 (joia del rom\u00e0nic llombard catal\u00e0), el pati g\u00f2tic, les muralles del segle XVII i un Parador Nacional. \n<br><br>Es poden fer visites guiades regulars (durada aproximada 1h 30min) que recorren la fortalesa i expliquen la seva fascinant hist\u00f2ria. Els caps de setmana hi ha visites en catal\u00e0 i castell\u00e0. Es recomana comprar les entrades anticipadament per Internet.  \n\t\t\t\t\t<\/p>\n\t\t\t\t<\/div>\n\t\t\t\t<\/div>\n\t\t\t\t<div class=\"elementor-element elementor-element-ab96de6 e-con e-atomic-element e-flexbox-base e-ab96de6-2b61600\" data-id=\"ab96de6\" data-element_type=\"e-flexbox\" data-e-type=\"e-flexbox\" data-interaction-id=\"ab96de6\" data-e-type=\"e-flexbox\" data-id=\"ab96de6\">\n\t\t\t\t\t\t\t<h2 \n\t\tdata-interaction-id=\"13979a4\" \n\t\tclass=\"e-13979a4-220971c e-heading-base\" \n\t\t \n\t\tdata-e-type=\"widget\" data-id=\"13979a4\"\n\t>\n\t\n\t\t\tAltres castells propers\n\t\t<\/h2>\n\t\t\t\t\t\t\t\t<p class=\"e-552eccb-ae3a3b8 e-paragraph-base\" data-interaction-id=\"552eccb\"  data-e-type=\"widget\" data-id=\"552eccb\">\n\t\t\t\t\t\t\t\tLa zona \u00e9s plena de fortaleses medievals en diferents estats de conservaci\u00f3:\n\t\t\t\t\t<\/p>\n\t\t\t\t<div class=\"elementor-element elementor-element-648823a elementor-widget elementor-widget-spacer\" data-id=\"648823a\" data-element_type=\"widget\" data-e-type=\"widget\" data-widget_type=\"spacer.default\">\n\t\t\t\t\t\t\t<div class=\"elementor-spacer\">\n\t\t\t<div class=\"elementor-spacer-inner\"><\/div>\n\t\t<\/div>\n\t\t\t\t\t\t<\/div>\n\t\t\t\t<div class=\"elementor-element elementor-element-164b0db e-con e-atomic-element e-div-block-base e-164b0db-83ea321\" data-id=\"164b0db\" data-element_type=\"e-div-block\" data-e-type=\"e-div-block\" data-interaction-id=\"164b0db\" data-e-type=\"e-div-block\" data-id=\"164b0db\">\n\t\t\t\t\t\t\t<h3 \n\t\tdata-interaction-id=\"23efd94\" \n\t\tclass=\"e-23efd94-8088285 e-heading-base\" \n\t\t \n\t\tdata-e-type=\"widget\" data-id=\"23efd94\"\n\t>\n\t\n\t\t\tCastell de Coaner\n\t\t<\/h3>\n\t\t\t\t\t\t\t\t<p class=\"e-paragraph-base\" data-interaction-id=\"bcf8f09\"  data-e-type=\"widget\" data-id=\"bcf8f09\">\n\t\t\t\t\t\t\t\tTorre circular a tocar de l'esgl\u00e9sia rom\u00e0nica\n\t\t\t\t\t<\/p>\n\t\t\t\t<\/div>\n\t\t\t\t<div class=\"elementor-element elementor-element-e14b3b2 e-con e-atomic-element e-div-block-base e-e14b3b2-3dc9498\" data-id=\"e14b3b2\" data-element_type=\"e-div-block\" data-e-type=\"e-div-block\" data-interaction-id=\"e14b3b2\" data-e-type=\"e-div-block\" data-id=\"e14b3b2\">\n\t\t\t\t\t\t\t<h3 \n\t\tdata-interaction-id=\"a8055d4\" \n\t\tclass=\"e-a8055d4-e681ea5 e-heading-base\" \n\t\t \n\t\tdata-e-type=\"widget\" data-id=\"a8055d4\"\n\t>\n\t\n\t\t\tCastell de Castelltallat\n\t\t<\/h3>\n\t\t\t\t\t\t\t\t<p class=\"e-paragraph-base\" data-interaction-id=\"8f5adeb\"  data-e-type=\"widget\" data-id=\"8f5adeb\">\n\t\t\t\t\t\t\t\tRu\u00efnes al costat de Sant Miquel, amb hist\u00f2ria des del segle X\n\t\t\t\t\t<\/p>\n\t\t\t\t<\/div>\n\t\t\t\t<div class=\"elementor-element elementor-element-141094f e-con e-atomic-element e-div-block-base e-141094f-698a647\" data-id=\"141094f\" data-element_type=\"e-div-block\" data-e-type=\"e-div-block\" data-interaction-id=\"141094f\" data-e-type=\"e-div-block\" data-id=\"141094f\">\n\t\t\t\t\t\t\t<h3 \n\t\tdata-interaction-id=\"9ce6d8d\" \n\t\tclass=\"e-9ce6d8d-eb2f512 e-heading-base\" \n\t\t \n\t\tdata-e-type=\"widget\" data-id=\"9ce6d8d\"\n\t>\n\t\n\t\t\tCastell d'Olius\n\t\t<\/h3>\n\t\t\t\t\t\t\t\t<p class=\"e-paragraph-base\" data-interaction-id=\"d5a6900\"  data-e-type=\"widget\" data-id=\"d5a6900\">\n\t\t\t\t\t\t\t\tFortalesa amb muralles, torres i esgl\u00e9sia g\u00f2tica a 3 km de Solsona\n\t\t\t\t\t<\/p>\n\t\t\t\t<\/div>\n\t\t\t\t<\/div>\n\t\t\t\t<div class=\"elementor-element elementor-element-65e2fe6 e-con e-atomic-element e-flexbox-base e-65e2fe6-a8c6daf\" data-id=\"65e2fe6\" data-element_type=\"e-flexbox\" data-e-type=\"e-flexbox\" data-interaction-id=\"65e2fe6\" data-e-type=\"e-flexbox\" data-id=\"65e2fe6\">\n\t\t\t\t<div class=\"elementor-element elementor-element-df77fd5 e-con e-atomic-element e-div-block-base e-df77fd5-17ec3a8\" data-id=\"df77fd5\" data-element_type=\"e-div-block\" data-e-type=\"e-div-block\" data-interaction-id=\"df77fd5\" data-e-type=\"e-div-block\" data-id=\"df77fd5\">\n\t\t\t\t<\/div>\n\t\t\t\t<div class=\"elementor-element elementor-element-beec38f e-con e-atomic-element e-div-block-base e-beec38f-628435f\" data-id=\"beec38f\" data-element_type=\"e-div-block\" data-e-type=\"e-div-block\" data-interaction-id=\"beec38f\" data-e-type=\"e-div-block\" data-id=\"beec38f\">\n\t\t\t\t<div class=\"elementor-element elementor-element-b01f378 e-con e-atomic-element e-div-block-base e-b01f378-35450a5\" data-id=\"b01f378\" data-element_type=\"e-div-block\" data-e-type=\"e-div-block\" data-interaction-id=\"b01f378\" data-e-type=\"e-div-block\" data-id=\"b01f378\">\n\t\t\t\t<div class=\"elementor-element elementor-element-76e25f7 elementor-icon-list--layout-inline elementor-list-item-link-full_width elementor-widget elementor-widget-icon-list\" data-id=\"76e25f7\" data-element_type=\"widget\" data-e-type=\"widget\" data-widget_type=\"icon-list.default\">\n\t\t\t\t\t\t\t<ul class=\"elementor-icon-list-items elementor-inline-items\">\n\t\t\t\t\t\t\t<li class=\"elementor-icon-list-item elementor-inline-item\">\n\t\t\t\t\t\t\t\t\t\t<span class=\"elementor-icon-list-text\">F\u00d2SILS<\/span>\n\t\t\t\t\t\t\t\t\t<\/li>\n\t\t\t\t\t\t\t\t<li class=\"elementor-icon-list-item elementor-inline-item\">\n\t\t\t\t\t\t\t\t\t\t<span class=\"elementor-icon-list-text\">JACIMENT<\/span>\n\t\t\t\t\t\t\t\t\t<\/li>\n\t\t\t\t\t\t\t\t<li class=\"elementor-icon-list-item elementor-inline-item\">\n\t\t\t\t\t\t\t\t\t\t<span class=\"elementor-icon-list-text\">TRESOR AMAGAT<\/span>\n\t\t\t\t\t\t\t\t\t<\/li>\n\t\t\t\t\t\t<\/ul>\n\t\t\t\t\t\t<\/div>\n\t\t\t\t<\/div>\n\t\t\t\t\t\t\t<h2 \n\t\tdata-interaction-id=\"044c238\" \n\t\tclass=\"e-044c238-fe4e8a9 e-heading-base\" \n\t\t \n\t\tdata-e-type=\"widget\" data-id=\"044c238\"\n\t>\n\t\n\t\t\tJaciment paleontol\u00f2gic\n de Prat Barrina\n\t\t<\/h2>\n\t\t\t\t<div class=\"elementor-element elementor-element-e488f37 elementor-widget elementor-widget-text-editor\" data-id=\"e488f37\" data-element_type=\"widget\" data-e-type=\"widget\" data-widget_type=\"text-editor.default\">\n\t\t\t\t\t\t\t\t\t<p>Un tresor \u00fanic amagat a la Serra de Castelltallat s\u00f3n les icnites o les empremtes f\u00f2ssils de mam\u00edfers de l&#8217;Oligoc\u00e8, amb una antiguitat d&#8217;entre 30 i 35 milions d&#8217;anys. Aquestes empremtes fossilitzades es troben al costat del cam\u00ed que baixa de la serra cap a la casa Prat Barrina. <\/p><p>Corresponen al pas de diversos animals mam\u00edfers que acudien a beure al que aleshores era una zona humida a Castelltallat. Aquest jaciment forma part del Geoparc Mundial UNESCO de la Catalunya Central, un reconeixement que destaca el valor geol\u00f2gic excepcional d&#8217;aquest territori. <\/p><p>Les empremtes estan senyalitzades i es poden observar durant les rutes de senderisme per la zona. \u00c9s una experi\u00e8ncia fascinant per als nens i per a qualsevol amant de la paleontologia. <\/p>\t\t\t\t\t\t\t\t<\/div>\n\t\t\t\t\t\t\t\n\t\t<img class=\"e-image-base \" \n\t\t\t\t\tdata-interaction-id=\"a4d9823\" \n\t\t \n\t\t data-e-type=\"widget\" data-id=\"a4d9823\"\n\t\t\t\t\t\t\t\t\tid=\"484\"\n\t\t\t\t\t\t\t\t\t\t\t\tsrc=\"https:\/\/www.casacalsuau.com\/wp-content\/uploads\/2026\/01\/huellas.png\"\n\t\t\t\t\t\t\t\t\t\t\t\twidth=\"225\"\n\t\t\t\t\t\t\t\t\t\t\t\theight=\"22\"\n\t\t\t\t\t\t\t\t\t\t\t\tsrcset=\"\"\n\t\t\t\t\t\t\t\t\t\t\t\talt=\"\"\n\t\t\t\t\t\t\/>\n\t\t\t\t\t<\/div>\n\t\t\t\t<\/div>\n\t\t\t\t<div class=\"elementor-element elementor-element-00120e0 e-con e-atomic-element e-flexbox-base e-00120e0-639817d\" data-id=\"00120e0\" data-element_type=\"e-flexbox\" data-e-type=\"e-flexbox\" data-interaction-id=\"00120e0\" data-e-type=\"e-flexbox\" data-id=\"00120e0\">\n\t\t\t\t<div class=\"elementor-element elementor-element-0ecb383 e-con e-atomic-element e-div-block-base e-0ecb383-5b4134c\" data-id=\"0ecb383\" data-element_type=\"e-div-block\" data-e-type=\"e-div-block\" data-interaction-id=\"0ecb383\" data-e-type=\"e-div-block\" data-id=\"0ecb383\">\n\t\t\t\t<div class=\"elementor-element elementor-element-067bf15 e-con e-atomic-element e-div-block-base e-067bf15-695bd8a\" data-id=\"067bf15\" data-element_type=\"e-div-block\" data-e-type=\"e-div-block\" data-interaction-id=\"067bf15\" data-e-type=\"e-div-block\" data-id=\"067bf15\">\n\t\t\t\t<div class=\"elementor-element elementor-element-189d677 elementor-icon-list--layout-inline elementor-list-item-link-full_width elementor-widget elementor-widget-icon-list\" data-id=\"189d677\" data-element_type=\"widget\" data-e-type=\"widget\" data-widget_type=\"icon-list.default\">\n\t\t\t\t\t\t\t<ul class=\"elementor-icon-list-items elementor-inline-items\">\n\t\t\t\t\t\t\t<li class=\"elementor-icon-list-item elementor-inline-item\">\n\t\t\t\t\t\t\t\t\t\t<span class=\"elementor-icon-list-text\">ESTRELLES<\/span>\n\t\t\t\t\t\t\t\t\t<\/li>\n\t\t\t\t\t\t\t\t<li class=\"elementor-icon-list-item elementor-inline-item\">\n\t\t\t\t\t\t\t\t\t\t<span class=\"elementor-icon-list-text\">OBSERVACI\u00d3 ASTRON\u00d2MICA<\/span>\n\t\t\t\t\t\t\t\t\t<\/li>\n\t\t\t\t\t\t\t\t<li class=\"elementor-icon-list-item elementor-inline-item\">\n\t\t\t\t\t\t\t\t\t\t<span class=\"elementor-icon-list-text\">CELS NOCTURNS<\/span>\n\t\t\t\t\t\t\t\t\t<\/li>\n\t\t\t\t\t\t<\/ul>\n\t\t\t\t\t\t<\/div>\n\t\t\t\t<\/div>\n\t\t\t\t\t\t\t<h2 \n\t\tdata-interaction-id=\"a58189e\" \n\t\tclass=\"e-a58189e-16ef261 e-heading-base\" \n\t\t \n\t\tdata-e-type=\"widget\" data-id=\"a58189e\"\n\t>\n\t\n\t\t\tObservar el cel\n\t\t<\/h2>\n\t\t\t\t<div class=\"elementor-element elementor-element-47d2dee elementor-widget elementor-widget-text-editor\" data-id=\"47d2dee\" data-element_type=\"widget\" data-e-type=\"widget\" data-widget_type=\"text-editor.default\">\n\t\t\t\t\t\t\t\t\t<p><strong>La Serra de Castelltallat \u00e9s un dels millors llocs de Catalunya per a l&#8217;observaci\u00f3 astron\u00f2mica<\/strong> . L&#8217;escassa contaminaci\u00f3 lum\u00ednica, l&#8217;altitud i la neteja de l&#8217;aire permeten gaudir de cels nocturns espectaculars on la Via L\u00e0ctia es mostra en tota la seva esplendor. <\/p><p><strong>L\u00b4Observatori Astron\u00f2mic de Castelltallat<\/strong> , situat al costat de l\u00b4esgl\u00e9sia de Sant Miquel a 887 metres d\u00b4altitud, aprofita aquestes condicions excepcionals. A m\u00e9s de ser un centre d\u00b4observaci\u00f3 astron\u00f2mica, acull estades d\u00b4artistes i m\u00fasics inspirats per la quietud i la bellesa del lloc. <\/p><p>Des de Casa Calsuau, en nits clars, podreu gaudir d&#8217;un cel estrellat impressionant simplement sortint al jard\u00ed. \u00c9s una experi\u00e8ncia m\u00e0gica que els nens (i els adults) no oblidaran. Perfecte per iniciar-se a l&#8217;astronomia i aprendre a identificar constel\u00b7lacions.  <\/p>\t\t\t\t\t\t\t\t<\/div>\n\t\t\t\t\t\t\t\n\t\t<img class=\"e-image-base \" \n\t\t\t\t\tdata-interaction-id=\"b5a891c\" \n\t\t \n\t\t data-e-type=\"widget\" data-id=\"b5a891c\"\n\t\t\t\t\t\t\t\t\tid=\"490\"\n\t\t\t\t\t\t\t\t\t\t\t\tsrc=\"https:\/\/www.casacalsuau.com\/wp-content\/uploads\/2026\/01\/estrellas.png\"\n\t\t\t\t\t\t\t\t\t\t\t\twidth=\"204\"\n\t\t\t\t\t\t\t\t\t\t\t\theight=\"21\"\n\t\t\t\t\t\t\t\t\t\t\t\tsrcset=\"\"\n\t\t\t\t\t\t\t\t\t\t\t\talt=\"\"\n\t\t\t\t\t\t\/>\n\t\t\t\t\t<div class=\"elementor-element elementor-element-e0afb1b e-con e-atomic-element e-div-block-base e-e0afb1b-1e7479a\" data-id=\"e0afb1b\" data-element_type=\"e-div-block\" data-e-type=\"e-div-block\" data-interaction-id=\"e0afb1b\" data-e-type=\"e-div-block\" data-id=\"e0afb1b\">\n\t\t\t\t\t<div class=\"e-088785f-77b7219 e-svg-base\" data-interaction-id=\"088785f\" data-e-type=\"widget\" data-id=\"088785f\"><svg xmlns=\"http:\/\/www.w3.org\/2000\/svg\" style=\"width: 100%; height: 100%; overflow: unset;\" width=\"120\" height=\"117\" viewBox=\"0 0 120 117\" fill=\"currentColor\"><path d=\"M64.8188 20.5298L67.125 18.007C68.1375 16.8919 69.6187 16.3983 71.0437 16.38C72.3937 16.38 73.725 16.8553 74.775 17.8059C78.4688 21.1514 82.2375 25.7034 85.0875 30.7125C87.9187 35.685 90 41.3339 90 46.8183C90 63.0337 76.6312 76.0317 60 76.0317C43.2 76.0317 30 62.9972 30 46.8183C30 39.9994 33 33.3998 36.9 27.7144C40.8188 21.9923 45.8063 16.9284 50.1938 13.0528C51.2625 12.1022 52.65 11.6452 54 11.6817C55.35 11.7183 56.5125 12.2667 57.525 13.0528C60.225 15.1369 64.8188 20.4933 64.8188 20.4933V20.5298ZM72 55.6116C72 48.9389 65.0625 42.2663 61.725 39.4509C60.7125 38.5917 59.2688 38.5917 58.2563 39.4509C54.9375 42.2663 47.9812 48.9389 47.9812 55.6116C47.9812 62.0648 53.3625 67.3116 59.9812 67.3116C66.6 67.3116 71.9812 62.0648 71.9812 55.6116H72ZM29.4 70.2C36.4688 79.0298 47.4188 84.825 60 84.825C72.4688 84.825 83.4563 79.0298 90.5625 70.2H99C103.969 70.2 108 74.1305 108 78.975V90.675C108 95.5195 103.969 99.45 99 99.45H21C16.0312 99.45 12 95.5195 12 90.675V78.975C12 74.1305 16.0312 70.2 21 70.2H29.4ZM97.5 84.825C97.5 82.3936 95.4938 80.4375 93 80.4375C90.5062 80.4375 88.5 82.3936 88.5 84.825C88.5 87.2564 90.5062 89.2125 93 89.2125C95.4938 89.2125 97.5 87.2564 97.5 84.825Z\" fill=\"#D72C8A\"><\/path><\/svg><\/div>\t\t\t\t\t<div class=\"e-88a38ef-a1cc488 e-svg-base\" data-interaction-id=\"88a38ef\" data-e-type=\"widget\" data-id=\"88a38ef\"><svg xmlns=\"http:\/\/www.w3.org\/2000\/svg\" style=\"width: 100%; height: 100%; overflow: unset;\" width=\"105\" height=\"113\" viewBox=\"0 0 105 113\" fill=\"currentColor\"><path d=\"M87.8227 12.483C88.8727 11.406 90.3984 11.0175 91.8094 11.5119C93.4172 12.0946 94.5 13.7189 94.5 15.5375V48.5371C94.5 71.7021 76.7648 90.4 55.3219 90.4C42.6891 90.4 31.7953 81.6602 27.8414 69.4421C22.0336 74.8802 18.375 82.8785 18.375 91.8125C18.375 94.1608 16.6195 96.05 14.4375 96.05C12.2555 96.05 10.5 94.1608 10.5 91.8125C10.5 78.588 16.7672 66.9349 26.2664 60.0843C32.0578 55.9174 38.9648 53.675 45.9375 53.675H59.0625C61.2445 53.675 63 51.7858 63 49.4375C63 47.0893 61.2445 45.2 59.0625 45.2H45.9375C39.4242 45.2 33.2555 46.7538 27.7266 49.5258C31.5492 37.1664 42.3609 28.25 55.125 28.25C66.0187 28.25 74.1234 24.348 79.5211 20.4813C82.6711 18.2213 85.3453 15.5199 87.8391 12.483H87.8227Z\" fill=\"#D72C8A\"><\/path><\/svg><\/div>\t\t\t\t<\/div>\n\t\t\t\t<\/div>\n\t\t\t\t<div class=\"elementor-element elementor-element-7723268 e-con e-atomic-element e-div-block-base e-7723268-86619cc\" data-id=\"7723268\" data-element_type=\"e-div-block\" data-e-type=\"e-div-block\" data-interaction-id=\"7723268\" data-e-type=\"e-div-block\" data-id=\"7723268\">\n\t\t\t\t<div class=\"elementor-element elementor-element-660fd0a elementor-widget elementor-widget-button\" data-id=\"660fd0a\" data-element_type=\"widget\" data-e-type=\"widget\" data-widget_type=\"button.default\">\n\t\t\t\t\t\t\t\t\t\t<a class=\"elementor-button elementor-button-link elementor-size-sm\" href=\"https:\/\/www.observatoricastelltallat.com\/\" target=\"_blank\" rel=\"nofollow noopener\">\n\t\t\t\t\t\t<span class=\"elementor-button-content-wrapper\">\n\t\t\t\t\t\t<span class=\"elementor-button-icon\">\n\t\t\t\t<svg aria-hidden=\"true\" class=\"e-font-icon-svg e-fas-arrow-right\" viewBox=\"0 0 448 512\" xmlns=\"http:\/\/www.w3.org\/2000\/svg\"><path d=\"M190.5 66.9l22.2-22.2c9.4-9.4 24.6-9.4 33.9 0L441 239c9.4 9.4 9.4 24.6 0 33.9L246.6 467.3c-9.4 9.4-24.6 9.4-33.9 0l-22.2-22.2c-9.5-9.5-9.3-25 .4-34.3L311.4 296H24c-13.3 0-24-10.7-24-24v-32c0-13.3 10.7-24 24-24h287.4L190.9 101.2c-9.8-9.3-10-24.8-.4-34.3z\"><\/path><\/svg>\t\t\t<\/span>\n\t\t\t\t\t\t\t\t\t<span class=\"elementor-button-text\">M\u00e9s informaci\u00f3<\/span>\n\t\t\t\t\t<\/span>\n\t\t\t\t\t<\/a>\n\t\t\t\t\t\t\t\t<\/div>\n\t\t\t\t<\/div>\n\t\t\t\t<\/div>\n\t\t\t\t<div class=\"elementor-element elementor-element-bf96b53 e-con e-atomic-element e-flexbox-base e-bf96b53-1881920\" data-id=\"bf96b53\" data-element_type=\"e-flexbox\" data-e-type=\"e-flexbox\" data-interaction-id=\"bf96b53\" data-e-type=\"e-flexbox\" data-id=\"bf96b53\">\n\t\t\t\t<div class=\"elementor-element elementor-element-93b3c18 e-con e-atomic-element e-div-block-base e-93b3c18-1608ee5\" data-id=\"93b3c18\" data-element_type=\"e-div-block\" data-e-type=\"e-div-block\" data-interaction-id=\"93b3c18\" data-e-type=\"e-div-block\" data-id=\"93b3c18\">\n\t\t\t\t<\/div>\n\t\t\t\t<div class=\"elementor-element elementor-element-2bfd526 e-con e-atomic-element e-div-block-base e-2bfd526-4442319\" data-id=\"2bfd526\" data-element_type=\"e-div-block\" data-e-type=\"e-div-block\" data-interaction-id=\"2bfd526\" data-e-type=\"e-div-block\" data-id=\"2bfd526\">\n\t\t\t\t<div class=\"elementor-element elementor-element-d6939c0 e-con e-atomic-element e-div-block-base e-d6939c0-3f0483d\" data-id=\"d6939c0\" data-element_type=\"e-div-block\" data-e-type=\"e-div-block\" data-interaction-id=\"d6939c0\" data-e-type=\"e-div-block\" data-id=\"d6939c0\">\n\t\t\t\t<div class=\"elementor-element elementor-element-f654cf9 elementor-icon-list--layout-inline elementor-list-item-link-full_width elementor-widget elementor-widget-icon-list\" data-id=\"f654cf9\" data-element_type=\"widget\" data-e-type=\"widget\" data-widget_type=\"icon-list.default\">\n\t\t\t\t\t\t\t<ul class=\"elementor-icon-list-items elementor-inline-items\">\n\t\t\t\t\t\t\t<li class=\"elementor-icon-list-item elementor-inline-item\">\n\t\t\t\t\t\t\t\t\t\t<span class=\"elementor-icon-list-text\">RUTES<\/span>\n\t\t\t\t\t\t\t\t\t<\/li>\n\t\t\t\t\t\t\t\t<li class=\"elementor-icon-list-item elementor-inline-item\">\n\t\t\t\t\t\t\t\t\t\t<span class=\"elementor-icon-list-text\">TOTS ELS NIVELLS<\/span>\n\t\t\t\t\t\t\t\t\t<\/li>\n\t\t\t\t\t\t\t\t<li class=\"elementor-icon-list-item elementor-inline-item\">\n\t\t\t\t\t\t\t\t\t\t<span class=\"elementor-icon-list-text\">DESCOBRIR PATRIMONI ROM\u00c0NIC<\/span>\n\t\t\t\t\t\t\t\t\t<\/li>\n\t\t\t\t\t\t<\/ul>\n\t\t\t\t\t\t<\/div>\n\t\t\t\t<\/div>\n\t\t\t\t\t\t\t<h2 \n\t\tdata-interaction-id=\"1b45eac\" \n\t\tclass=\"e-1b45eac-222a40b e-heading-base\" \n\t\t \n\t\tdata-e-type=\"widget\" data-id=\"1b45eac\"\n\t>\n\t\n\t\t\tRutes de senderisme\n\t\t<\/h2>\n\t\t\t\t<div class=\"elementor-element elementor-element-de927fb elementor-widget elementor-widget-text-editor\" data-id=\"de927fb\" data-element_type=\"widget\" data-e-type=\"widget\" data-widget_type=\"text-editor.default\">\n\t\t\t\t\t\t\t\t\t<p><strong>La Serra de Castelltallat i els seus voltants ofereixen m\u00faltiples senders per a tots els nivells<\/strong> , des de passejades familiars suaus fins a rutes m\u00e9s exigents per a senderistes experimentats. Els camins transcorren entre boscos de pins i alzines, camps de cultiu, masies centen\u00e0ries i vistes panor\u00e0miques espectaculars. <br><br>Les rutes permeten descobrir el patrimoni rom\u00e0nic, accedir als castells, observar la fauna local i gaudir de la tranquil\u00b7litat d\u00b4un paisatge rural aut\u00e8ntic. Molts senders estan senyalitzats i compten amb panells informatius sobre la geologia, flora i fauna del Geoparc. <\/p>\t\t\t\t\t\t\t\t<\/div>\n\t\t\t\t\t\t\t\n\t\t<img class=\"e-image-base \" \n\t\t\t\t\tdata-interaction-id=\"20dac08\" \n\t\t \n\t\t data-e-type=\"widget\" data-id=\"20dac08\"\n\t\t\t\t\t\t\t\t\tid=\"495\"\n\t\t\t\t\t\t\t\t\t\t\t\tsrc=\"https:\/\/www.casacalsuau.com\/wp-content\/uploads\/2026\/01\/senderistas.png\"\n\t\t\t\t\t\t\t\t\t\t\t\twidth=\"183\"\n\t\t\t\t\t\t\t\t\t\t\t\theight=\"25\"\n\t\t\t\t\t\t\t\t\t\t\t\tsrcset=\"\"\n\t\t\t\t\t\t\t\t\t\t\t\talt=\"\"\n\t\t\t\t\t\t\/>\n\t\t\t\t\t<\/div>\n\t\t\t\t<\/div>\n\t\t\t\t<div class=\"elementor-element elementor-element-cbe3b38 e-con e-atomic-element e-flexbox-base e-cbe3b38-e38e6c3\" data-id=\"cbe3b38\" data-element_type=\"e-flexbox\" data-e-type=\"e-flexbox\" data-interaction-id=\"cbe3b38\" data-e-type=\"e-flexbox\" data-id=\"cbe3b38\">\n\t\t\t\t\t\t\t<h2 \n\t\tdata-interaction-id=\"7aca8ed\" \n\t\tclass=\"e-7aca8ed-ae109a0 e-heading-base\" \n\t\t \n\t\tdata-e-type=\"widget\" data-id=\"7aca8ed\"\n\t>\n\t\n\t\t\tRutes recomanades\n\t\t<\/h2>\n\t\t\t\t\t\t\t\t<p class=\"e-67d51ab-efcfb25 e-paragraph-base\" data-interaction-id=\"67d51ab\"  data-e-type=\"widget\" data-id=\"67d51ab\">\n\t\t\t\t\t\t\t\tA l'oficina de turisme m\u00e9s propera ia Casa Calsuau trobar\u00e0s mapes i m\u00e9s informaci\u00f3 sobre rutes adaptades al teu nivell i prefer\u00e8ncies.\n\t\t\t\t\t<\/p>\n\t\t\t\t<div class=\"elementor-element elementor-element-ea60913 elementor-widget elementor-widget-spacer\" data-id=\"ea60913\" data-element_type=\"widget\" data-e-type=\"widget\" data-widget_type=\"spacer.default\">\n\t\t\t\t\t\t\t<div class=\"elementor-spacer\">\n\t\t\t<div class=\"elementor-spacer-inner\"><\/div>\n\t\t<\/div>\n\t\t\t\t\t\t<\/div>\n\t\t\t\t<div class=\"elementor-element elementor-element-7c3fd36 e-con e-atomic-element e-div-block-base e-7c3fd36-7f92208\" data-id=\"7c3fd36\" data-element_type=\"e-div-block\" data-e-type=\"e-div-block\" data-interaction-id=\"7c3fd36\" data-e-type=\"e-div-block\" data-id=\"7c3fd36\">\n\t\t\t\t\t\t\t<h3 \n\t\tdata-interaction-id=\"bbeced4\" \n\t\tclass=\"e-bbeced4-79ac543 e-heading-base\" \n\t\t \n\t\tdata-e-type=\"widget\" data-id=\"bbeced4\"\n\t>\n\t\n\t\t\tRuta circular Casa Miralles - Pinos\n\t\t<\/h3>\n\t\t\t\t\t\t\t\t<p class=\"e-paragraph-base\" data-interaction-id=\"2528485\"  data-e-type=\"widget\" data-id=\"2528485\">\n\t\t\t\t\t\t\t\tRecorregut de dificultat mitjana que travessa boscos i ofereix vistes de la serra.\n\t\t\t\t\t<\/p>\n\t\t\t\t<div class=\"elementor-element elementor-element-b78ee9c elementor-align-right elementor-widget elementor-widget-button\" data-id=\"b78ee9c\" data-element_type=\"widget\" data-e-type=\"widget\" data-widget_type=\"button.default\">\n\t\t\t\t\t\t\t\t\t\t<a class=\"elementor-button elementor-button-link elementor-size-sm\" href=\"https:\/\/www.wikiloc.com\/hiking-trails\/casa-miralles-pinos-8489478\" target=\"_blank\" rel=\"nofollow noopener\">\n\t\t\t\t\t\t<span class=\"elementor-button-content-wrapper\">\n\t\t\t\t\t\t<span class=\"elementor-button-icon\">\n\t\t\t\t<svg aria-hidden=\"true\" class=\"e-font-icon-svg e-fas-arrow-right\" viewBox=\"0 0 448 512\" xmlns=\"http:\/\/www.w3.org\/2000\/svg\"><path d=\"M190.5 66.9l22.2-22.2c9.4-9.4 24.6-9.4 33.9 0L441 239c9.4 9.4 9.4 24.6 0 33.9L246.6 467.3c-9.4 9.4-24.6 9.4-33.9 0l-22.2-22.2c-9.5-9.5-9.3-25 .4-34.3L311.4 296H24c-13.3 0-24-10.7-24-24v-32c0-13.3 10.7-24 24-24h287.4L190.9 101.2c-9.8-9.3-10-24.8-.4-34.3z\"><\/path><\/svg>\t\t\t<\/span>\n\t\t\t\t\t\t\t\t\t<span class=\"elementor-button-text\">Veure a Wikiloc<\/span>\n\t\t\t\t\t<\/span>\n\t\t\t\t\t<\/a>\n\t\t\t\t\t\t\t\t<\/div>\n\t\t\t\t<\/div>\n\t\t\t\t<div class=\"elementor-element elementor-element-79f6e22 e-con e-atomic-element e-div-block-base e-79f6e22-4c73317\" data-id=\"79f6e22\" data-element_type=\"e-div-block\" data-e-type=\"e-div-block\" data-interaction-id=\"79f6e22\" data-e-type=\"e-div-block\" data-id=\"79f6e22\">\n\t\t\t\t\t\t\t<h3 \n\t\tdata-interaction-id=\"6bed808\" \n\t\tclass=\"e-6bed808-781249c e-heading-base\" \n\t\t \n\t\tdata-e-type=\"widget\" data-id=\"6bed808\"\n\t>\n\t\n\t\t\tCasa Miralles - El Miracle - Freixinet\n\t\t<\/h3>\n\t\t\t\t\t\t\t\t<p class=\"e-paragraph-base\" data-interaction-id=\"a8e1202\"  data-e-type=\"widget\" data-id=\"a8e1202\">\n\t\t\t\t\t\t\t\tRuta que passa pel Santuari del Miracle i zones boscoses.  \n\t\t\t\t\t<\/p>\n\t\t\t\t<div class=\"elementor-element elementor-element-1eea0c1 elementor-align-right elementor-widget elementor-widget-button\" data-id=\"1eea0c1\" data-element_type=\"widget\" data-e-type=\"widget\" data-widget_type=\"button.default\">\n\t\t\t\t\t\t\t\t\t\t<a class=\"elementor-button elementor-button-link elementor-size-sm\" href=\"https:\/\/www.wikiloc.com\/hiking-trails\/casa-miralles-el-miracle-freixinet-casa-miralles-8506170\" target=\"_blank\" rel=\"nofollow noopener\">\n\t\t\t\t\t\t<span class=\"elementor-button-content-wrapper\">\n\t\t\t\t\t\t<span class=\"elementor-button-icon\">\n\t\t\t\t<svg aria-hidden=\"true\" class=\"e-font-icon-svg e-fas-arrow-right\" viewBox=\"0 0 448 512\" xmlns=\"http:\/\/www.w3.org\/2000\/svg\"><path d=\"M190.5 66.9l22.2-22.2c9.4-9.4 24.6-9.4 33.9 0L441 239c9.4 9.4 9.4 24.6 0 33.9L246.6 467.3c-9.4 9.4-24.6 9.4-33.9 0l-22.2-22.2c-9.5-9.5-9.3-25 .4-34.3L311.4 296H24c-13.3 0-24-10.7-24-24v-32c0-13.3 10.7-24 24-24h287.4L190.9 101.2c-9.8-9.3-10-24.8-.4-34.3z\"><\/path><\/svg>\t\t\t<\/span>\n\t\t\t\t\t\t\t\t\t<span class=\"elementor-button-text\">Veure a Wikiloc<\/span>\n\t\t\t\t\t<\/span>\n\t\t\t\t\t<\/a>\n\t\t\t\t\t\t\t\t<\/div>\n\t\t\t\t<\/div>\n\t\t\t\t<div class=\"elementor-element elementor-element-a6fdf88 e-con e-atomic-element e-div-block-base e-a6fdf88-09cbe0c\" data-id=\"a6fdf88\" data-element_type=\"e-div-block\" data-e-type=\"e-div-block\" data-interaction-id=\"a6fdf88\" data-e-type=\"e-div-block\" data-id=\"a6fdf88\">\n\t\t\t\t\t\t\t<h3 \n\t\tdata-interaction-id=\"45a1202\" \n\t\tclass=\"e-45a1202-c0e11d9 e-heading-base\" \n\t\t \n\t\tdata-e-type=\"widget\" data-id=\"45a1202\"\n\t>\n\t\n\t\t\tCasa Miralles - Freixinet - Santa Susanna\n\t\t<\/h3>\n\t\t\t\t\t\t\t\t<p class=\"e-paragraph-base\" data-interaction-id=\"55e7d9c\"  data-e-type=\"widget\" data-id=\"55e7d9c\">\n\t\t\t\t\t\t\t\tCircular que combina natura i petites ermites rurals.\n\t\t\t\t\t<\/p>\n\t\t\t\t<div class=\"elementor-element elementor-element-8ff4cc5 elementor-align-right elementor-widget elementor-widget-button\" data-id=\"8ff4cc5\" data-element_type=\"widget\" data-e-type=\"widget\" data-widget_type=\"button.default\">\n\t\t\t\t\t\t\t\t\t\t<a class=\"elementor-button elementor-button-link elementor-size-sm\" href=\"https:\/\/www.wikiloc.com\/hiking-trails\/casa-miralles-freixinet-sta-susanna-casa-miralles-8510930\" target=\"_blank\" rel=\"nofollow noopener\">\n\t\t\t\t\t\t<span class=\"elementor-button-content-wrapper\">\n\t\t\t\t\t\t<span class=\"elementor-button-icon\">\n\t\t\t\t<svg aria-hidden=\"true\" class=\"e-font-icon-svg e-fas-arrow-right\" viewBox=\"0 0 448 512\" xmlns=\"http:\/\/www.w3.org\/2000\/svg\"><path d=\"M190.5 66.9l22.2-22.2c9.4-9.4 24.6-9.4 33.9 0L441 239c9.4 9.4 9.4 24.6 0 33.9L246.6 467.3c-9.4 9.4-24.6 9.4-33.9 0l-22.2-22.2c-9.5-9.5-9.3-25 .4-34.3L311.4 296H24c-13.3 0-24-10.7-24-24v-32c0-13.3 10.7-24 24-24h287.4L190.9 101.2c-9.8-9.3-10-24.8-.4-34.3z\"><\/path><\/svg>\t\t\t<\/span>\n\t\t\t\t\t\t\t\t\t<span class=\"elementor-button-text\">Veure a Wikiloc<\/span>\n\t\t\t\t\t<\/span>\n\t\t\t\t\t<\/a>\n\t\t\t\t\t\t\t\t<\/div>\n\t\t\t\t<\/div>\n\t\t\t\t<div class=\"elementor-element elementor-element-8197d19 e-con e-atomic-element e-div-block-base e-8197d19-9b58fa3\" data-id=\"8197d19\" data-element_type=\"e-div-block\" data-e-type=\"e-div-block\" data-interaction-id=\"8197d19\" data-e-type=\"e-div-block\" data-id=\"8197d19\">\n\t\t\t\t\t\t\t<h3 \n\t\tdata-interaction-id=\"155fe16\" \n\t\tclass=\"e-155fe16-df7df80 e-heading-base\" \n\t\t \n\t\tdata-e-type=\"widget\" data-id=\"155fe16\"\n\t>\n\t\n\t\t\tS\u00faria - Castell de Coaner - Sant Ignasi\n\t\t<\/h3>\n\t\t\t\t\t\t\t\t<p class=\"e-paragraph-base\" data-interaction-id=\"58c896a\"  data-e-type=\"widget\" data-id=\"58c896a\">\n\t\t\t\t\t\t\t\tRuta de 13,7 km que permet visitar el conjunt monumental de Coaner i gaudir del paisatge de la riera de Coaner.\n\t\t\t\t\t<\/p>\n\t\t\t\t<div class=\"elementor-element elementor-element-5ff7ca2 elementor-align-right elementor-widget elementor-widget-button\" data-id=\"5ff7ca2\" data-element_type=\"widget\" data-e-type=\"widget\" data-widget_type=\"button.default\">\n\t\t\t\t\t\t\t\t\t\t<a class=\"elementor-button elementor-button-link elementor-size-sm\" href=\"https:\/\/es.wikiloc.com\/rutas-senderismo\/suria-castillo-iglesia-y-santuari-de-coaner-152975951\" target=\"_blank\" rel=\"nofollow noopener\">\n\t\t\t\t\t\t<span class=\"elementor-button-content-wrapper\">\n\t\t\t\t\t\t<span class=\"elementor-button-icon\">\n\t\t\t\t<svg aria-hidden=\"true\" class=\"e-font-icon-svg e-fas-arrow-right\" viewBox=\"0 0 448 512\" xmlns=\"http:\/\/www.w3.org\/2000\/svg\"><path d=\"M190.5 66.9l22.2-22.2c9.4-9.4 24.6-9.4 33.9 0L441 239c9.4 9.4 9.4 24.6 0 33.9L246.6 467.3c-9.4 9.4-24.6 9.4-33.9 0l-22.2-22.2c-9.5-9.5-9.3-25 .4-34.3L311.4 296H24c-13.3 0-24-10.7-24-24v-32c0-13.3 10.7-24 24-24h287.4L190.9 101.2c-9.8-9.3-10-24.8-.4-34.3z\"><\/path><\/svg>\t\t\t<\/span>\n\t\t\t\t\t\t\t\t\t<span class=\"elementor-button-text\">Veure a Wikiloc<\/span>\n\t\t\t\t\t<\/span>\n\t\t\t\t\t<\/a>\n\t\t\t\t\t\t\t\t<\/div>\n\t\t\t\t<\/div>\n\t\t\t\t<\/div>\n\t\t\t\t<div class=\"elementor-element elementor-element-d229a11 e-con e-atomic-element e-flexbox-base e-d229a11-91eb9eb\" data-id=\"d229a11\" data-element_type=\"e-flexbox\" data-e-type=\"e-flexbox\" data-interaction-id=\"d229a11\" data-e-type=\"e-flexbox\" data-id=\"d229a11\">\n\t\t\t\t<div class=\"elementor-element elementor-element-8af99b6 e-con e-atomic-element e-div-block-base e-8af99b6-01e8a0a\" data-id=\"8af99b6\" data-element_type=\"e-div-block\" data-e-type=\"e-div-block\" data-interaction-id=\"8af99b6\" data-e-type=\"e-div-block\" data-id=\"8af99b6\">\n\t\t\t\t<div class=\"elementor-element elementor-element-442637c e-con e-atomic-element e-div-block-base e-442637c-cdbc513\" data-id=\"442637c\" data-element_type=\"e-div-block\" data-e-type=\"e-div-block\" data-interaction-id=\"442637c\" data-e-type=\"e-div-block\" data-id=\"442637c\">\n\t\t\t\t<div class=\"elementor-element elementor-element-8c6422d elementor-icon-list--layout-inline elementor-list-item-link-full_width elementor-widget elementor-widget-icon-list\" data-id=\"8c6422d\" data-element_type=\"widget\" data-e-type=\"widget\" data-widget_type=\"icon-list.default\">\n\t\t\t\t\t\t\t<ul class=\"elementor-icon-list-items elementor-inline-items\">\n\t\t\t\t\t\t\t<li class=\"elementor-icon-list-item elementor-inline-item\">\n\t\t\t\t\t\t\t\t\t\t<span class=\"elementor-icon-list-text\">CICLISME DE MUNTANYA<\/span>\n\t\t\t\t\t\t\t\t\t<\/li>\n\t\t\t\t\t\t\t\t<li class=\"elementor-icon-list-item elementor-inline-item\">\n\t\t\t\t\t\t\t\t\t\t<span class=\"elementor-icon-list-text\">RUTES BBT<\/span>\n\t\t\t\t\t\t\t\t\t<\/li>\n\t\t\t\t\t\t\t\t<li class=\"elementor-icon-list-item elementor-inline-item\">\n\t\t\t\t\t\t\t\t\t\t<span class=\"elementor-icon-list-text\">TERRENYS COMBINATS<\/span>\n\t\t\t\t\t\t\t\t\t<\/li>\n\t\t\t\t\t\t<\/ul>\n\t\t\t\t\t\t<\/div>\n\t\t\t\t<\/div>\n\t\t\t\t\t\t\t<h2 \n\t\tdata-interaction-id=\"4fd94ac\" \n\t\tclass=\"e-4fd94ac-e51f48c e-heading-base\" \n\t\t \n\t\tdata-e-type=\"widget\" data-id=\"4fd94ac\"\n\t>\n\t\n\t\t\tRutes amb bici\n\t\t<\/h2>\n\t\t\t\t<div class=\"elementor-element elementor-element-31d921b elementor-widget elementor-widget-text-editor\" data-id=\"31d921b\" data-element_type=\"widget\" data-e-type=\"widget\" data-widget_type=\"text-editor.default\">\n\t\t\t\t\t\t\t\t\t<p>Pels amants del ciclisme de muntanya, la Serra de Castelltallat ofereix pistes forestals, camins rurals i senders t\u00e8cnics amb diferents graus de dificultat. El terreny combina pujades exigents amb trams plans entre camps de cultiu, descensos divertits i vistes panor\u00e0miques que recompensen lesfor\u00e7. <br><br>La zona forma part de diverses rutes BTT senyalitzades que recorren la comarca del Bages i el Solson\u00e8s. Les pistes en bon estat permeten tamb\u00e9 rutes amb bici de carretera per carreteres secund\u00e0ries amb poc tr\u00e0nsit. <\/p>\t\t\t\t\t\t\t\t<\/div>\n\t\t\t\t\t\t\t\n\t\t<img class=\"e-image-base \" \n\t\t\t\t\tdata-interaction-id=\"870e057\" \n\t\t \n\t\t data-e-type=\"widget\" data-id=\"870e057\"\n\t\t\t\t\t\t\t\t\tid=\"515\"\n\t\t\t\t\t\t\t\t\t\t\t\tsrc=\"https:\/\/www.casacalsuau.com\/wp-content\/uploads\/2026\/01\/bicicletas.png\"\n\t\t\t\t\t\t\t\t\t\t\t\twidth=\"356\"\n\t\t\t\t\t\t\t\t\t\t\t\theight=\"25\"\n\t\t\t\t\t\t\t\t\t\t\t\tsrcset=\"https:\/\/www.casacalsuau.com\/wp-content\/uploads\/2026\/01\/bicicletas.png 356w, https:\/\/www.casacalsuau.com\/wp-content\/uploads\/2026\/01\/bicicletas-300x21.png 300w\"\n\t\t\t\t\t\t\t\t\t\t\t\talt=\"\"\n\t\t\t\t\t\t\/>\n\t\t\t\t\t<\/div>\n\t\t\t\t<div class=\"elementor-element elementor-element-27b80c7 e-con e-atomic-element e-div-block-base e-27b80c7-5567e57\" data-id=\"27b80c7\" data-element_type=\"e-div-block\" data-e-type=\"e-div-block\" data-interaction-id=\"27b80c7\" data-e-type=\"e-div-block\" data-id=\"27b80c7\">\n\t\t\t\t<\/div>\n\t\t\t\t<\/div>\n\t\t\t\t<div class=\"elementor-element elementor-element-035a098 e-con e-atomic-element e-flexbox-base e-035a098-ba158c5\" data-id=\"035a098\" data-element_type=\"e-flexbox\" data-e-type=\"e-flexbox\" data-interaction-id=\"035a098\" data-e-type=\"e-flexbox\" data-id=\"035a098\">\n\t\t\t\t\t\t\t<h2 \n\t\tdata-interaction-id=\"a2391fd\" \n\t\tclass=\"e-a2391fd-63a648a e-heading-base\" \n\t\t \n\t\tdata-e-type=\"widget\" data-id=\"a2391fd\"\n\t>\n\t\n\t\t\tRutes recomanades\n\t\t<\/h2>\n\t\t\t\t\t\t\t\t<p class=\"e-60eed7c-d1f48bd e-paragraph-base\" data-interaction-id=\"60eed7c\"  data-e-type=\"widget\" data-id=\"60eed7c\">\n\t\t\t\t\t\t\t\tNo oblidis portar aigua suficient, casc, eines b\u00e0siques i respectar sempre els senderistes amb qui comparteixis cam\u00ed.\n\t\t\t\t\t<\/p>\n\t\t\t\t<div class=\"elementor-element elementor-element-8aec3e3 elementor-widget elementor-widget-spacer\" data-id=\"8aec3e3\" data-element_type=\"widget\" data-e-type=\"widget\" data-widget_type=\"spacer.default\">\n\t\t\t\t\t\t\t<div class=\"elementor-spacer\">\n\t\t\t<div class=\"elementor-spacer-inner\"><\/div>\n\t\t<\/div>\n\t\t\t\t\t\t<\/div>\n\t\t\t\t<div class=\"elementor-element elementor-element-8f7ae02 e-con e-atomic-element e-div-block-base e-8f7ae02-d66e3bf\" data-id=\"8f7ae02\" data-element_type=\"e-div-block\" data-e-type=\"e-div-block\" data-interaction-id=\"8f7ae02\" data-e-type=\"e-div-block\" data-id=\"8f7ae02\">\n\t\t\t\t\t\t\t<h3 \n\t\tdata-interaction-id=\"11deb1f\" \n\t\tclass=\"e-11deb1f-b705951 e-heading-base\" \n\t\t \n\t\tdata-e-type=\"widget\" data-id=\"11deb1f\"\n\t>\n\t\n\t\t\tGran Volta de Casa Miralles\n\t\t<\/h3>\n\t\t\t\t\t\t\t\t<p class=\"e-paragraph-base\" data-interaction-id=\"95ad3fc\"  data-e-type=\"widget\" data-id=\"95ad3fc\">\n\t\t\t\t\t\t\t\tRuta circular amb BTT que recorre els principals punts d'inter\u00e8s de la serra\n\t\t\t\t\t<\/p>\n\t\t\t\t<div class=\"elementor-element elementor-element-6ee4201 elementor-align-right elementor-widget elementor-widget-button\" data-id=\"6ee4201\" data-element_type=\"widget\" data-e-type=\"widget\" data-widget_type=\"button.default\">\n\t\t\t\t\t\t\t\t\t\t<a class=\"elementor-button elementor-button-link elementor-size-sm\" href=\"https:\/\/www.wikiloc.com\/mountain-biking-trails\/casa-miralles-gran-volta-de-casa-miralles-8510989\" target=\"_blank\" rel=\"nofollow noopener\">\n\t\t\t\t\t\t<span class=\"elementor-button-content-wrapper\">\n\t\t\t\t\t\t<span class=\"elementor-button-icon\">\n\t\t\t\t<svg aria-hidden=\"true\" class=\"e-font-icon-svg e-fas-arrow-right\" viewBox=\"0 0 448 512\" xmlns=\"http:\/\/www.w3.org\/2000\/svg\"><path d=\"M190.5 66.9l22.2-22.2c9.4-9.4 24.6-9.4 33.9 0L441 239c9.4 9.4 9.4 24.6 0 33.9L246.6 467.3c-9.4 9.4-24.6 9.4-33.9 0l-22.2-22.2c-9.5-9.5-9.3-25 .4-34.3L311.4 296H24c-13.3 0-24-10.7-24-24v-32c0-13.3 10.7-24 24-24h287.4L190.9 101.2c-9.8-9.3-10-24.8-.4-34.3z\"><\/path><\/svg>\t\t\t<\/span>\n\t\t\t\t\t\t\t\t\t<span class=\"elementor-button-text\">Veure a Wikiloc<\/span>\n\t\t\t\t\t<\/span>\n\t\t\t\t\t<\/a>\n\t\t\t\t\t\t\t\t<\/div>\n\t\t\t\t<\/div>\n\t\t\t\t<\/div>\n\t\t\t\t<div class=\"elementor-element elementor-element-bb90b5a e-con e-atomic-element e-flexbox-base e-bb90b5a-14acb94\" data-id=\"bb90b5a\" data-element_type=\"e-flexbox\" data-e-type=\"e-flexbox\" data-interaction-id=\"bb90b5a\" data-e-type=\"e-flexbox\" data-id=\"bb90b5a\">\n\t\t\t\t<\/div>\n\t\t\t\t<div class=\"elementor-element elementor-element-11e878e e-con e-atomic-element e-flexbox-base e-11e878e-a39ef7f\" data-id=\"11e878e\" data-element_type=\"e-flexbox\" data-e-type=\"e-flexbox\" data-interaction-id=\"11e878e\" data-e-type=\"e-flexbox\" data-id=\"11e878e\">\n\t\t\t\t\t\t\t<h2 \n\t\tdata-interaction-id=\"7f10de4\" \n\t\tclass=\"e-7f10de4-c1b926e e-heading-base\" \n\t\t \n\t\tdata-e-type=\"widget\" data-id=\"7f10de4\"\n\t>\n\t\n\t\t\tM\u00e9s experi\u00e8ncies a la zona\n\t\t<\/h2>\n\t\t\t\t<div class=\"elementor-element elementor-element-46521fa e-con e-atomic-element e-div-block-base e-46521fa-eac1bbf\" data-id=\"46521fa\" data-element_type=\"e-div-block\" data-e-type=\"e-div-block\" data-interaction-id=\"46521fa\" data-e-type=\"e-div-block\" data-id=\"46521fa\">\n\t\t\t\t\t\t\t<h3 \n\t\tdata-interaction-id=\"806f02e\" \n\t\tclass=\"e-806f02e-32f298c e-heading-base\" \n\t\t \n\t\tdata-e-type=\"widget\" data-id=\"806f02e\"\n\t>\n\t\n\t\t\tMuntanya de Sal de Cardona\n\t\t<\/h3>\n\t\t\t\t\t\t\t\t<p class=\"e-paragraph-base\" data-interaction-id=\"60184dd\"  data-e-type=\"widget\" data-id=\"60184dd\">\n\t\t\t\t\t\t\t\tA 25 km, aquest parc cultural espectacular ofereix visites guiades a l'interior de la muntanya de sal, un fenomen geol\u00f2gic \u00fanic.\n\t\t\t\t\t<\/p>\n\t\t\t\t<\/div>\n\t\t\t\t<div class=\"elementor-element elementor-element-1cf539b e-con e-atomic-element e-div-block-base e-1cf539b-fdffca5\" data-id=\"1cf539b\" data-element_type=\"e-div-block\" data-e-type=\"e-div-block\" data-interaction-id=\"1cf539b\" data-e-type=\"e-div-block\" data-id=\"1cf539b\">\n\t\t\t\t\t\t\t<h3 \n\t\tdata-interaction-id=\"32ce7b2\" \n\t\tclass=\"e-32ce7b2-e3a41e2 e-heading-base\" \n\t\t \n\t\tdata-e-type=\"widget\" data-id=\"32ce7b2\"\n\t>\n\t\n\t\t\tEnoturisme\n\t\t<\/h3>\n\t\t\t\t\t\t\t\t<p class=\"e-paragraph-base\" data-interaction-id=\"7849a6e\"  data-e-type=\"widget\" data-id=\"7849a6e\">\n\t\t\t\t\t\t\t\tLa comarca del Pla de Bages t\u00e9 Denominaci\u00f3 d'Origen. Podeu visitar cellers ecol\u00f2gics com El Mol\u00ed (Rajadell) o Grau i Grau (Castellfollit del Boix) per a tasts i con\u00e8ixer el proc\u00e9s d'elaboraci\u00f3 del vi. \n\t\t\t\t\t<\/p>\n\t\t\t\t<\/div>\n\t\t\t\t<div class=\"elementor-element elementor-element-c398612 e-con e-atomic-element e-div-block-base e-c398612-26f1c67\" data-id=\"c398612\" data-element_type=\"e-div-block\" data-e-type=\"e-div-block\" data-interaction-id=\"c398612\" data-e-type=\"e-div-block\" data-id=\"c398612\">\n\t\t\t\t\t\t\t<h3 \n\t\tdata-interaction-id=\"1898adc\" \n\t\tclass=\"e-1898adc-a9e8af0 e-heading-base\" \n\t\t \n\t\tdata-e-type=\"widget\" data-id=\"1898adc\"\n\t>\n\t\n\t\t\tMontserrat\n\t\t<\/h3>\n\t\t\t\t\t\t\t\t<p class=\"e-paragraph-base\" data-interaction-id=\"e07c24a\"  data-e-type=\"widget\" data-id=\"e07c24a\">\n\t\t\t\t\t\t\t\tA menys d'una hora, la muntanya sagrada de Catalunya amb el monestir benedict\u00ed, la Moreneta i paisatges de roca \u00fanics.\n\t\t\t\t\t<\/p>\n\t\t\t\t<\/div>\n\t\t\t\t<div class=\"elementor-element elementor-element-88dfefe e-con e-atomic-element e-div-block-base e-88dfefe-9850094\" data-id=\"88dfefe\" data-element_type=\"e-div-block\" data-e-type=\"e-div-block\" data-interaction-id=\"88dfefe\" data-e-type=\"e-div-block\" data-id=\"88dfefe\">\n\t\t\t\t\t\t\t<h3 \n\t\tdata-interaction-id=\"9ec5d26\" \n\t\tclass=\"e-9ec5d26-d5c2aa6 e-heading-base\" \n\t\t \n\t\tdata-e-type=\"widget\" data-id=\"9ec5d26\"\n\t>\n\t\n\t\t\tCalaf\n\t\t<\/h3>\n\t\t\t\t\t\t\t\t<p class=\"e-paragraph-base\" data-interaction-id=\"65b98c7\"  data-e-type=\"widget\" data-id=\"65b98c7\">\n\t\t\t\t\t\t\t\tVila medieval amb mercat tradicional els dissabtes, arquitectura senyorial i bona oferta gastron\u00f2mica.\n\t\t\t\t\t<\/p>\n\t\t\t\t<\/div>\n\t\t\t\t<div class=\"elementor-element elementor-element-dc1781c e-con e-atomic-element e-div-block-base e-dc1781c-dd627bf\" data-id=\"dc1781c\" data-element_type=\"e-div-block\" data-e-type=\"e-div-block\" data-interaction-id=\"dc1781c\" data-e-type=\"e-div-block\" data-id=\"dc1781c\">\n\t\t\t\t\t\t\t<h3 \n\t\tdata-interaction-id=\"92d0dde\" \n\t\tclass=\"e-92d0dde-8f8caa9 e-heading-base\" \n\t\t \n\t\tdata-e-type=\"widget\" data-id=\"92d0dde\"\n\t>\n\t\n\t\t\tEsports d\u00b4aventura\n\t\t<\/h3>\n\t\t\t\t\t\t\t\t<p class=\"e-paragraph-base\" data-interaction-id=\"1afda6e\"  data-e-type=\"widget\" data-id=\"1afda6e\">\n\t\t\t\t\t\t\t\tPossibilitat de salts en paracaigudes a l'aer\u00f2drom de Sant Fruit\u00f3s de Bages (25 minuts amb cotxe).\n\t\t\t\t\t<\/p>\n\t\t\t\t<\/div>\n\t\t\t\t<div class=\"elementor-element elementor-element-ae4e7a0 e-con e-atomic-element e-div-block-base e-ae4e7a0-0500a31\" data-id=\"ae4e7a0\" data-element_type=\"e-div-block\" data-e-type=\"e-div-block\" data-interaction-id=\"ae4e7a0\" data-e-type=\"e-div-block\" data-id=\"ae4e7a0\">\n\t\t\t\t<\/div>\n\t\t\t\t<\/div>\n\t\t\t\t<\/div>\n\t\t","protected":false},"excerpt":{"rendered":"<p>Qu\u00e8 veure i qu\u00e8 fer a la zona Descobreix els tresors amagats de la Serra de Castelltallat La Serra de Castelltallat forma part del Geoparc Mundial UNESCO de la Catalunya Central, un reconeixement al seu valor geol\u00f2gic i paisatg\u00edstic \u00fanic. La Serra de Castelltallat \u00e9s un espai natural protegit que amaga segles d&#8217;hist\u00f2ria, paisatges inoblidables [&hellip;]<\/p>\n","protected":false},"author":1,"featured_media":0,"parent":0,"menu_order":0,"comment_status":"closed","ping_status":"closed","template":"","meta":{"footnotes":""},"class_list":["post-891","page","type-page","status-publish","hentry"],"_links":{"self":[{"href":"https:\/\/www.casacalsuau.com\/ca\/wp-json\/wp\/v2\/pages\/891","targetHints":{"allow":["GET"]}}],"collection":[{"href":"https:\/\/www.casacalsuau.com\/ca\/wp-json\/wp\/v2\/pages"}],"about":[{"href":"https:\/\/www.casacalsuau.com\/ca\/wp-json\/wp\/v2\/types\/page"}],"author":[{"embeddable":true,"href":"https:\/\/www.casacalsuau.com\/ca\/wp-json\/wp\/v2\/users\/1"}],"replies":[{"embeddable":true,"href":"https:\/\/www.casacalsuau.com\/ca\/wp-json\/wp\/v2\/comments?post=891"}],"version-history":[{"count":0,"href":"https:\/\/www.casacalsuau.com\/ca\/wp-json\/wp\/v2\/pages\/891\/revisions"}],"wp:attachment":[{"href":"https:\/\/www.casacalsuau.com\/ca\/wp-json\/wp\/v2\/media?parent=891"}],"curies":[{"name":"wp","href":"https:\/\/api.w.org\/{rel}","templated":true}]}}